{"id":1537,"date":"2023-06-01T08:52:01","date_gmt":"2023-06-01T06:52:01","guid":{"rendered":"https:\/\/darkslategrey-ape-696608.hostingersite.com\/actividad\/senderismo\/"},"modified":"2024-06-29T16:10:52","modified_gmt":"2024-06-29T14:10:52","slug":"ibilaldiak","status":"publish","type":"actividad","link":"https:\/\/visitplentzia.eus\/eu\/ekintza\/ibilaldiak\/","title":{"rendered":"Mendi-ibiliak egiteko bideak"},"content":{"rendered":"\n<p>Plentzia es el punto de partida y de llegada de varias rutas. Las rutas son una actividad perfecta para realizar en familia, con amigos o individualmente. \u00a1Ponte tu calzado de trekking y descubre los diversos paisajes de Uribe Kosta!<\/p>\n\n<div id=\"listado-cards-block_27d7b3ddc47e87c8f0a00b3d698f4149\" class=\"listado-cards \">\n\n                    <div class=\"control-cards-grid columns-3\">\n                    \n                                                <div class=\"single-card\">\n                            \n                            <div class=\"image\">\n                                <a href=\"https:\/\/visitplentzia.eus\/que-hacer\/ruta-barrios-de-plentzia\/\">\n                                    <img loading=\"lazy\" decoding=\"async\" width=\"1600\" height=\"739\" src=\"https:\/\/visitplentzia.eus\/wp-content\/uploads\/2024\/06\/WhatsApp-Image-2024-06-05-at-10.36.47-2.jpeg\" class=\"attachment-full size-full\" alt=\"\" srcset=\"https:\/\/visitplentzia.eus\/wp-content\/uploads\/2024\/06\/WhatsApp-Image-2024-06-05-at-10.36.47-2.jpeg 1600w, https:\/\/visitplentzia.eus\/wp-content\/uploads\/2024\/06\/WhatsApp-Image-2024-06-05-at-10.36.47-2-300x139.jpeg 300w, https:\/\/visitplentzia.eus\/wp-content\/uploads\/2024\/06\/WhatsApp-Image-2024-06-05-at-10.36.47-2-1024x473.jpeg 1024w, https:\/\/visitplentzia.eus\/wp-content\/uploads\/2024\/06\/WhatsApp-Image-2024-06-05-at-10.36.47-2-768x355.jpeg 768w, https:\/\/visitplentzia.eus\/wp-content\/uploads\/2024\/06\/WhatsApp-Image-2024-06-05-at-10.36.47-2-1536x709.jpeg 1536w\" sizes=\"auto, (max-width: 1600px) 100vw, 1600px\" \/>                                <\/a>\n                            <\/div>\n                            <div class=\"texto\">\n                                <p class=\"title\">\n                                    <a href=\"https:\/\/visitplentzia.eus\/que-hacer\/ruta-barrios-de-plentzia\/\">\n                                        Ruta Barrios de Plentzia                                    <\/a>\n                                <\/p>\n                                <div class=\"resumen\">\n                                    <p>Disfruta de una agradable ruta que te llevar\u00e1 a trav\u00e9s de algunos de los barrios de Plentzia. Comienza en una zona urbanizada y contin\u00faa por \u00e1reas m\u00e1s rurales, culminando con unas preciosas vistas de la playa.<\/p>\n                                <\/div>\n                            <\/div>\n                            <div class=\"button-container\">\n                                <p>\n                                    <a class=\"button\" href=\"https:\/\/visitplentzia.eus\/que-hacer\/ruta-barrios-de-plentzia\/\">Informazio gehiago<\/a>\n                                <\/p>\n                            <\/div>\n                        <\/div>\n                \n                    \n                                                <div class=\"single-card\">\n                            \n                            <div class=\"image\">\n                                <a href=\"https:\/\/visitplentzia.eus\/que-hacer\/plentzia-butron-mungia\/\">\n                                    <img loading=\"lazy\" decoding=\"async\" width=\"1600\" height=\"739\" src=\"https:\/\/visitplentzia.eus\/wp-content\/uploads\/2024\/06\/WhatsApp-Image-2024-06-05-at-10.36.47-3.jpeg\" class=\"attachment-full size-full\" alt=\"\" srcset=\"https:\/\/visitplentzia.eus\/wp-content\/uploads\/2024\/06\/WhatsApp-Image-2024-06-05-at-10.36.47-3.jpeg 1600w, https:\/\/visitplentzia.eus\/wp-content\/uploads\/2024\/06\/WhatsApp-Image-2024-06-05-at-10.36.47-3-300x139.jpeg 300w, https:\/\/visitplentzia.eus\/wp-content\/uploads\/2024\/06\/WhatsApp-Image-2024-06-05-at-10.36.47-3-1024x473.jpeg 1024w, https:\/\/visitplentzia.eus\/wp-content\/uploads\/2024\/06\/WhatsApp-Image-2024-06-05-at-10.36.47-3-768x355.jpeg 768w, https:\/\/visitplentzia.eus\/wp-content\/uploads\/2024\/06\/WhatsApp-Image-2024-06-05-at-10.36.47-3-1536x709.jpeg 1536w\" sizes=\"auto, (max-width: 1600px) 100vw, 1600px\" \/>                                <\/a>\n                            <\/div>\n                            <div class=\"texto\">\n                                <p class=\"title\">\n                                    <a href=\"https:\/\/visitplentzia.eus\/que-hacer\/plentzia-butron-mungia\/\">\n                                        Plentzia-Butr\u00f3n-Mungia                                    <\/a>\n                                <\/p>\n                                <div class=\"resumen\">\n                                    <p>Una ruta paralela a la r\u00eda, en la que disfrutar\u00e1s de la naturaleza y tendr\u00e1s la oportunidad de conocer algunas joyas de nuestro patrimonio monumental.<\/p>\n                                <\/div>\n                            <\/div>\n                            <div class=\"button-container\">\n                                <p>\n                                    <a class=\"button\" href=\"https:\/\/visitplentzia.eus\/que-hacer\/plentzia-butron-mungia\/\">Informazio gehiago<\/a>\n                                <\/p>\n                            <\/div>\n                        <\/div>\n                \n                    \n                                                <div class=\"single-card\">\n                            \n                            <div class=\"image\">\n                                <a href=\"https:\/\/visitplentzia.eus\/que-hacer\/ruta-de-los-acantilados\/\">\n                                    <img loading=\"lazy\" decoding=\"async\" width=\"1600\" height=\"739\" src=\"https:\/\/visitplentzia.eus\/wp-content\/uploads\/2024\/06\/WhatsApp-Image-2024-06-05-at-10.36.47-1.jpeg\" class=\"attachment-full size-full\" alt=\"\" srcset=\"https:\/\/visitplentzia.eus\/wp-content\/uploads\/2024\/06\/WhatsApp-Image-2024-06-05-at-10.36.47-1.jpeg 1600w, https:\/\/visitplentzia.eus\/wp-content\/uploads\/2024\/06\/WhatsApp-Image-2024-06-05-at-10.36.47-1-300x139.jpeg 300w, https:\/\/visitplentzia.eus\/wp-content\/uploads\/2024\/06\/WhatsApp-Image-2024-06-05-at-10.36.47-1-1024x473.jpeg 1024w, https:\/\/visitplentzia.eus\/wp-content\/uploads\/2024\/06\/WhatsApp-Image-2024-06-05-at-10.36.47-1-768x355.jpeg 768w, https:\/\/visitplentzia.eus\/wp-content\/uploads\/2024\/06\/WhatsApp-Image-2024-06-05-at-10.36.47-1-1536x709.jpeg 1536w\" sizes=\"auto, (max-width: 1600px) 100vw, 1600px\" \/>                                <\/a>\n                            <\/div>\n                            <div class=\"texto\">\n                                <p class=\"title\">\n                                    <a href=\"https:\/\/visitplentzia.eus\/que-hacer\/ruta-de-los-acantilados\/\">\n                                        Ruta de los acantilados                                    <\/a>\n                                <\/p>\n                                <div class=\"resumen\">\n                                    <p>Parte de la ruta del Flysch, este tramo, que se extiende desde Plentzia hasta Getxo, ofrece una experiencia simplemente espectacular, brind\u00e1ndote una de las mejores panor\u00e1micas de la costa de Bizkaia.<\/p>\n                                <\/div>\n                            <\/div>\n                            <div class=\"button-container\">\n                                <p>\n                                    <a class=\"button\" href=\"https:\/\/visitplentzia.eus\/que-hacer\/ruta-de-los-acantilados\/\">Informazio gehiago<\/a>\n                                <\/p>\n                            <\/div>\n                        <\/div>\n                \n                    \n                                                <div class=\"single-card\">\n                            \n                            <div class=\"image\">\n                                <a href=\"https:\/\/visitplentzia.eus\/que-hacer\/ruta-faro-de-gorliz\/\">\n                                    <img loading=\"lazy\" decoding=\"async\" width=\"1600\" height=\"1200\" src=\"https:\/\/visitplentzia.eus\/wp-content\/uploads\/2024\/06\/2887107Master.jpg\" class=\"attachment-full size-full\" alt=\"\" srcset=\"https:\/\/visitplentzia.eus\/wp-content\/uploads\/2024\/06\/2887107Master.jpg 1600w, https:\/\/visitplentzia.eus\/wp-content\/uploads\/2024\/06\/2887107Master-300x225.jpg 300w, https:\/\/visitplentzia.eus\/wp-content\/uploads\/2024\/06\/2887107Master-1024x768.jpg 1024w, https:\/\/visitplentzia.eus\/wp-content\/uploads\/2024\/06\/2887107Master-768x576.jpg 768w, https:\/\/visitplentzia.eus\/wp-content\/uploads\/2024\/06\/2887107Master-1536x1152.jpg 1536w, https:\/\/visitplentzia.eus\/wp-content\/uploads\/2024\/06\/2887107Master-702x526.jpg 702w\" sizes=\"auto, (max-width: 1600px) 100vw, 1600px\" \/>                                <\/a>\n                            <\/div>\n                            <div class=\"texto\">\n                                <p class=\"title\">\n                                    <a href=\"https:\/\/visitplentzia.eus\/que-hacer\/ruta-faro-de-gorliz\/\">\n                                        Ruta Faro de Gorliz                                    <\/a>\n                                <\/p>\n                                <div class=\"resumen\">\n                                    <p>Esta hermosa ruta ofrece dos opciones que te guiar\u00e1n a lo largo de la subida hacia el faro de Gorliz. Durante el recorrido, podr\u00e1s disfrutar del fascinante contraste de paisajes que ofrece la Costa Vasca.<\/p>\n                                <\/div>\n                            <\/div>\n                            <div class=\"button-container\">\n                                <p>\n                                    <a class=\"button\" href=\"https:\/\/visitplentzia.eus\/que-hacer\/ruta-faro-de-gorliz\/\">Informazio gehiago<\/a>\n                                <\/p>\n                            <\/div>\n                        <\/div>\n                \n                    \n                                                <div class=\"single-card\">\n                            \n                            <div class=\"image\">\n                                <a href=\"https:\/\/visitplentzia.eus\/que-hacer\/ruta-circular-plentzia-andraka\/\">\n                                    <img loading=\"lazy\" decoding=\"async\" width=\"1600\" height=\"739\" src=\"https:\/\/visitplentzia.eus\/wp-content\/uploads\/2024\/06\/WhatsApp-Image-2024-06-05-at-10.36.47.jpeg\" class=\"attachment-full size-full\" alt=\"\" srcset=\"https:\/\/visitplentzia.eus\/wp-content\/uploads\/2024\/06\/WhatsApp-Image-2024-06-05-at-10.36.47.jpeg 1600w, https:\/\/visitplentzia.eus\/wp-content\/uploads\/2024\/06\/WhatsApp-Image-2024-06-05-at-10.36.47-300x139.jpeg 300w, https:\/\/visitplentzia.eus\/wp-content\/uploads\/2024\/06\/WhatsApp-Image-2024-06-05-at-10.36.47-1024x473.jpeg 1024w, https:\/\/visitplentzia.eus\/wp-content\/uploads\/2024\/06\/WhatsApp-Image-2024-06-05-at-10.36.47-768x355.jpeg 768w, https:\/\/visitplentzia.eus\/wp-content\/uploads\/2024\/06\/WhatsApp-Image-2024-06-05-at-10.36.47-1536x709.jpeg 1536w\" sizes=\"auto, (max-width: 1600px) 100vw, 1600px\" \/>                                <\/a>\n                            <\/div>\n                            <div class=\"texto\">\n                                <p class=\"title\">\n                                    <a href=\"https:\/\/visitplentzia.eus\/que-hacer\/ruta-circular-plentzia-andraka\/\">\n                                        Ruta Circular Plentzia-Andraka                                    <\/a>\n                                <\/p>\n                                <div class=\"resumen\">\n                                    <p>Una ruta circular que combina tramos arbolados y \u00e1reas poco conocidas, perfecta para explorar en familia.<\/p>\n                                <\/div>\n                            <\/div>\n                            <div class=\"button-container\">\n                                <p>\n                                    <a class=\"button\" href=\"https:\/\/visitplentzia.eus\/que-hacer\/ruta-circular-plentzia-andraka\/\">Informazio gehiago<\/a>\n                                <\/p>\n                            <\/div>\n                        <\/div>\n                \n                    \n                                                <div class=\"single-card\">\n                            \n                            <div class=\"image\">\n                                <a href=\"https:\/\/visitplentzia.eus\/que-hacer\/ruta-plentzia-urduliz\/\">\n                                    <img loading=\"lazy\" decoding=\"async\" width=\"1600\" height=\"739\" src=\"https:\/\/visitplentzia.eus\/wp-content\/uploads\/2024\/06\/WhatsApp-Image-2024-06-05-at-10.36.49-1.jpeg\" class=\"attachment-full size-full\" alt=\"\" srcset=\"https:\/\/visitplentzia.eus\/wp-content\/uploads\/2024\/06\/WhatsApp-Image-2024-06-05-at-10.36.49-1.jpeg 1600w, https:\/\/visitplentzia.eus\/wp-content\/uploads\/2024\/06\/WhatsApp-Image-2024-06-05-at-10.36.49-1-300x139.jpeg 300w, https:\/\/visitplentzia.eus\/wp-content\/uploads\/2024\/06\/WhatsApp-Image-2024-06-05-at-10.36.49-1-1024x473.jpeg 1024w, https:\/\/visitplentzia.eus\/wp-content\/uploads\/2024\/06\/WhatsApp-Image-2024-06-05-at-10.36.49-1-768x355.jpeg 768w, https:\/\/visitplentzia.eus\/wp-content\/uploads\/2024\/06\/WhatsApp-Image-2024-06-05-at-10.36.49-1-1536x709.jpeg 1536w\" sizes=\"auto, (max-width: 1600px) 100vw, 1600px\" \/>                                <\/a>\n                            <\/div>\n                            <div class=\"texto\">\n                                <p class=\"title\">\n                                    <a href=\"https:\/\/visitplentzia.eus\/que-hacer\/ruta-plentzia-urduliz\/\">\n                                        Ruta Plentzia-Urduliz                                    <\/a>\n                                <\/p>\n                                <div class=\"resumen\">\n                                    <p>Esta ruta te llevar\u00e1 desde Plentzia hasta Urduliz a trav\u00e9s de un bonito paseo por el monte.<\/p>\n                                <\/div>\n                            <\/div>\n                            <div class=\"button-container\">\n                                <p>\n                                    <a class=\"button\" href=\"https:\/\/visitplentzia.eus\/que-hacer\/ruta-plentzia-urduliz\/\">Informazio gehiago<\/a>\n                                <\/p>\n                            <\/div>\n                        <\/div>\n                \n                    \n                                                <div class=\"single-card\">\n                            \n                            <div class=\"image\">\n                                <a href=\"https:\/\/visitplentzia.eus\/que-hacer\/plentzia-armintza\/\">\n                                    <img loading=\"lazy\" decoding=\"async\" width=\"1600\" height=\"739\" src=\"https:\/\/visitplentzia.eus\/wp-content\/uploads\/2024\/06\/WhatsApp-Image-2024-06-05-at-10.36.48.jpeg\" class=\"attachment-full size-full\" alt=\"\" srcset=\"https:\/\/visitplentzia.eus\/wp-content\/uploads\/2024\/06\/WhatsApp-Image-2024-06-05-at-10.36.48.jpeg 1600w, https:\/\/visitplentzia.eus\/wp-content\/uploads\/2024\/06\/WhatsApp-Image-2024-06-05-at-10.36.48-300x139.jpeg 300w, https:\/\/visitplentzia.eus\/wp-content\/uploads\/2024\/06\/WhatsApp-Image-2024-06-05-at-10.36.48-1024x473.jpeg 1024w, https:\/\/visitplentzia.eus\/wp-content\/uploads\/2024\/06\/WhatsApp-Image-2024-06-05-at-10.36.48-768x355.jpeg 768w, https:\/\/visitplentzia.eus\/wp-content\/uploads\/2024\/06\/WhatsApp-Image-2024-06-05-at-10.36.48-1536x709.jpeg 1536w\" sizes=\"auto, (max-width: 1600px) 100vw, 1600px\" \/>                                <\/a>\n                            <\/div>\n                            <div class=\"texto\">\n                                <p class=\"title\">\n                                    <a href=\"https:\/\/visitplentzia.eus\/que-hacer\/plentzia-armintza\/\">\n                                        Plentzia-Armintza                                    <\/a>\n                                <\/p>\n                                <div class=\"resumen\">\n                                    <p>A trav\u00e9s de esta ruta descubrir\u00e1s el barrio de Saratxaga para posteriormente seguir el curso del rio Andraka hasta su desembocadura en Armintza.<\/p>\n                                <\/div>\n                            <\/div>\n                            <div class=\"button-container\">\n                                <p>\n                                    <a class=\"button\" href=\"https:\/\/visitplentzia.eus\/que-hacer\/plentzia-armintza\/\">Informazio gehiago<\/a>\n                                <\/p>\n                            <\/div>\n                        <\/div>\n                \n                    \n                                                <div class=\"single-card\">\n                            \n                            <div class=\"image\">\n                                <a href=\"https:\/\/visitplentzia.eus\/que-hacer\/uribe-kosta-rural-plentzia-barrika-sopela\/\">\n                                    <img loading=\"lazy\" decoding=\"async\" width=\"1600\" height=\"739\" src=\"https:\/\/visitplentzia.eus\/wp-content\/uploads\/2024\/06\/WhatsApp-Image-2024-06-05-at-10.36.48-3.jpeg\" class=\"attachment-full size-full\" alt=\"\" srcset=\"https:\/\/visitplentzia.eus\/wp-content\/uploads\/2024\/06\/WhatsApp-Image-2024-06-05-at-10.36.48-3.jpeg 1600w, https:\/\/visitplentzia.eus\/wp-content\/uploads\/2024\/06\/WhatsApp-Image-2024-06-05-at-10.36.48-3-300x139.jpeg 300w, https:\/\/visitplentzia.eus\/wp-content\/uploads\/2024\/06\/WhatsApp-Image-2024-06-05-at-10.36.48-3-1024x473.jpeg 1024w, https:\/\/visitplentzia.eus\/wp-content\/uploads\/2024\/06\/WhatsApp-Image-2024-06-05-at-10.36.48-3-768x355.jpeg 768w, https:\/\/visitplentzia.eus\/wp-content\/uploads\/2024\/06\/WhatsApp-Image-2024-06-05-at-10.36.48-3-1536x709.jpeg 1536w\" sizes=\"auto, (max-width: 1600px) 100vw, 1600px\" \/>                                <\/a>\n                            <\/div>\n                            <div class=\"texto\">\n                                <p class=\"title\">\n                                    <a href=\"https:\/\/visitplentzia.eus\/que-hacer\/uribe-kosta-rural-plentzia-barrika-sopela\/\">\n                                        Uribe Kosta Rural, Plentzia-Barrika-Sopela                                    <\/a>\n                                <\/p>\n                                <div class=\"resumen\">\n                                    <p>Peque\u00f1o recorrido ideal para hacer con los m\u00e1s peque\u00f1os de la casa. De camino a Barrika atravesar\u00e9is un singular bosquecito que cuenta con una preciosa cascada.<\/p>\n                                <\/div>\n                            <\/div>\n                            <div class=\"button-container\">\n                                <p>\n                                    <a class=\"button\" href=\"https:\/\/visitplentzia.eus\/que-hacer\/uribe-kosta-rural-plentzia-barrika-sopela\/\">Informazio gehiago<\/a>\n                                <\/p>\n                            <\/div>\n                        <\/div>\n                \n                                    <\/div>\n                \n    \n\n\n\n    \n    \n<\/div>\n\n\n<p>M\u00e1s informaci\u00f3n y folletos descargables en\u00a0<strong><a href=\"http:\/\/www.uribe.eu\/disfruta\/rutas\" target=\"_blank\" rel=\"noreferrer noopener\">uribe.eu<\/a><\/strong><\/p>\n","protected":false},"featured_media":1364,"template":"","class_list":{"0":"post-1537","1":"actividad","2":"type-actividad","3":"status-publish","4":"has-post-thumbnail","6":"entry"},"acf":[],"yoast_head":"<!-- This site is optimized with the Yoast SEO plugin v27.4 - https:\/\/yoast.com\/product\/yoast-seo-wordpress\/ -->\n<title>Mendi-ibiliak Plentziatik | trekking uribe kosta<\/title>\n<meta name=\"description\" content=\"Plentzia mendi-ibilien abiapuntu eta helmuga da. Ibilbideak jarduera ezin hobea dira familian, lagunekin eta abar egiteko.\" \/>\n<meta name=\"robots\" content=\"index, follow, max-snippet:-1, max-image-preview:large, max-video-preview:-1\" \/>\n<link rel=\"canonical\" href=\"https:\/\/visitplentzia.eus\/eu\/ekintza\/ibilaldiak\/\" \/>\n<meta property=\"og:locale\" content=\"eu_ES\" \/>\n<meta property=\"og:type\" content=\"article\" \/>\n<meta property=\"og:title\" content=\"Mendi-ibiliak Plentziatik | trekking uribe kosta\" \/>\n<meta property=\"og:description\" content=\"Plentzia mendi-ibilien abiapuntu eta helmuga da. Ibilbideak jarduera ezin hobea dira familian, lagunekin eta abar egiteko.\" \/>\n<meta property=\"og:url\" content=\"https:\/\/visitplentzia.eus\/eu\/ekintza\/ibilaldiak\/\" \/>\n<meta property=\"og:site_name\" content=\"Turismo Plentzia\" \/>\n<meta property=\"article:modified_time\" content=\"2024-06-29T14:10:52+00:00\" \/>\n<meta property=\"og:image\" content=\"https:\/\/visitplentzia.eus\/wp-content\/uploads\/2023\/06\/larrakoetxea-2-scaled-e1692175485599.jpg\" \/>\n\t<meta property=\"og:image:width\" content=\"1706\" \/>\n\t<meta property=\"og:image:height\" content=\"1621\" \/>\n\t<meta property=\"og:image:type\" content=\"image\/jpeg\" \/>\n<meta name=\"twitter:card\" content=\"summary_large_image\" \/>\n<meta name=\"twitter:label1\" content=\"Est. reading time\" \/>\n\t<meta name=\"twitter:data1\" content=\"1 minute\" \/>\n<script type=\"application\/ld+json\" class=\"yoast-schema-graph\">{\"@context\":\"https:\\\/\\\/schema.org\",\"@graph\":[{\"@type\":\"WebPage\",\"@id\":\"https:\\\/\\\/visitplentzia.eus\\\/eu\\\/ekintza\\\/ibilaldiak\\\/\",\"url\":\"https:\\\/\\\/visitplentzia.eus\\\/eu\\\/ekintza\\\/ibilaldiak\\\/\",\"name\":\"Mendi-ibiliak Plentziatik | trekking uribe kosta\",\"isPartOf\":{\"@id\":\"https:\\\/\\\/visitplentzia.eus\\\/eu\\\/#website\"},\"primaryImageOfPage\":{\"@id\":\"https:\\\/\\\/visitplentzia.eus\\\/eu\\\/ekintza\\\/ibilaldiak\\\/#primaryimage\"},\"image\":{\"@id\":\"https:\\\/\\\/visitplentzia.eus\\\/eu\\\/ekintza\\\/ibilaldiak\\\/#primaryimage\"},\"thumbnailUrl\":\"https:\\\/\\\/visitplentzia.eus\\\/wp-content\\\/uploads\\\/2023\\\/06\\\/larrakoetxea-2-scaled-e1692175485599.jpg\",\"datePublished\":\"2023-06-01T06:52:01+00:00\",\"dateModified\":\"2024-06-29T14:10:52+00:00\",\"description\":\"Plentzia mendi-ibilien abiapuntu eta helmuga da. Ibilbideak jarduera ezin hobea dira familian, lagunekin eta abar egiteko.\",\"breadcrumb\":{\"@id\":\"https:\\\/\\\/visitplentzia.eus\\\/eu\\\/ekintza\\\/ibilaldiak\\\/#breadcrumb\"},\"inLanguage\":\"eu-ES\",\"potentialAction\":[{\"@type\":\"ReadAction\",\"target\":[\"https:\\\/\\\/visitplentzia.eus\\\/eu\\\/ekintza\\\/ibilaldiak\\\/\"]}]},{\"@type\":\"ImageObject\",\"inLanguage\":\"eu-ES\",\"@id\":\"https:\\\/\\\/visitplentzia.eus\\\/eu\\\/ekintza\\\/ibilaldiak\\\/#primaryimage\",\"url\":\"https:\\\/\\\/visitplentzia.eus\\\/wp-content\\\/uploads\\\/2023\\\/06\\\/larrakoetxea-2-scaled-e1692175485599.jpg\",\"contentUrl\":\"https:\\\/\\\/visitplentzia.eus\\\/wp-content\\\/uploads\\\/2023\\\/06\\\/larrakoetxea-2-scaled-e1692175485599.jpg\",\"width\":1706,\"height\":1621},{\"@type\":\"BreadcrumbList\",\"@id\":\"https:\\\/\\\/visitplentzia.eus\\\/eu\\\/ekintza\\\/ibilaldiak\\\/#breadcrumb\",\"itemListElement\":[{\"@type\":\"ListItem\",\"position\":1,\"name\":\"Home\",\"item\":\"https:\\\/\\\/visitplentzia.eus\\\/eu\\\/\"},{\"@type\":\"ListItem\",\"position\":2,\"name\":\"Mendi-ibiliak egiteko bideak\"}]},{\"@type\":\"WebSite\",\"@id\":\"https:\\\/\\\/visitplentzia.eus\\\/eu\\\/#website\",\"url\":\"https:\\\/\\\/visitplentzia.eus\\\/eu\\\/\",\"name\":\"Turismo Plentzia\",\"description\":\"P\u00e1gina oficial de Turismo Plentzia. Visita su hermosa R\u00eda, su bella playa, su puerto y su pintoresco casco antiguo\",\"publisher\":{\"@id\":\"https:\\\/\\\/visitplentzia.eus\\\/eu\\\/#organization\"},\"alternateName\":\"Turismo Plentzia\",\"potentialAction\":[{\"@type\":\"SearchAction\",\"target\":{\"@type\":\"EntryPoint\",\"urlTemplate\":\"https:\\\/\\\/visitplentzia.eus\\\/eu\\\/?s={search_term_string}\"},\"query-input\":{\"@type\":\"PropertyValueSpecification\",\"valueRequired\":true,\"valueName\":\"search_term_string\"}}],\"inLanguage\":\"eu-ES\"},{\"@type\":\"Organization\",\"@id\":\"https:\\\/\\\/visitplentzia.eus\\\/eu\\\/#organization\",\"name\":\"Plentzia turismo\",\"url\":\"https:\\\/\\\/visitplentzia.eus\\\/eu\\\/\",\"logo\":{\"@type\":\"ImageObject\",\"inLanguage\":\"eu-ES\",\"@id\":\"https:\\\/\\\/visitplentzia.eus\\\/eu\\\/#\\\/schema\\\/logo\\\/image\\\/\",\"url\":\"https:\\\/\\\/visitplentzia.eus\\\/wp-content\\\/uploads\\\/2023\\\/04\\\/logo-plentzia.png\",\"contentUrl\":\"https:\\\/\\\/visitplentzia.eus\\\/wp-content\\\/uploads\\\/2023\\\/04\\\/logo-plentzia.png\",\"width\":130,\"height\":117,\"caption\":\"Plentzia turismo\"},\"image\":{\"@id\":\"https:\\\/\\\/visitplentzia.eus\\\/eu\\\/#\\\/schema\\\/logo\\\/image\\\/\"}}]}<\/script>\n<!-- \/ Yoast SEO plugin. -->","yoast_head_json":{"title":"Mendi-ibiliak Plentziatik | trekking uribe kosta","description":"Plentzia mendi-ibilien abiapuntu eta helmuga da. Ibilbideak jarduera ezin hobea dira familian, lagunekin eta abar egiteko.","robots":{"index":"index","follow":"follow","max-snippet":"max-snippet:-1","max-image-preview":"max-image-preview:large","max-video-preview":"max-video-preview:-1"},"canonical":"https:\/\/visitplentzia.eus\/eu\/ekintza\/ibilaldiak\/","og_locale":"eu_ES","og_type":"article","og_title":"Mendi-ibiliak Plentziatik | trekking uribe kosta","og_description":"Plentzia mendi-ibilien abiapuntu eta helmuga da. Ibilbideak jarduera ezin hobea dira familian, lagunekin eta abar egiteko.","og_url":"https:\/\/visitplentzia.eus\/eu\/ekintza\/ibilaldiak\/","og_site_name":"Turismo Plentzia","article_modified_time":"2024-06-29T14:10:52+00:00","og_image":[{"width":1706,"height":1621,"url":"https:\/\/visitplentzia.eus\/wp-content\/uploads\/2023\/06\/larrakoetxea-2-scaled-e1692175485599.jpg","type":"image\/jpeg"}],"twitter_card":"summary_large_image","twitter_misc":{"Est. reading time":"1 minute"},"schema":{"@context":"https:\/\/schema.org","@graph":[{"@type":"WebPage","@id":"https:\/\/visitplentzia.eus\/eu\/ekintza\/ibilaldiak\/","url":"https:\/\/visitplentzia.eus\/eu\/ekintza\/ibilaldiak\/","name":"Mendi-ibiliak Plentziatik | trekking uribe kosta","isPartOf":{"@id":"https:\/\/visitplentzia.eus\/eu\/#website"},"primaryImageOfPage":{"@id":"https:\/\/visitplentzia.eus\/eu\/ekintza\/ibilaldiak\/#primaryimage"},"image":{"@id":"https:\/\/visitplentzia.eus\/eu\/ekintza\/ibilaldiak\/#primaryimage"},"thumbnailUrl":"https:\/\/visitplentzia.eus\/wp-content\/uploads\/2023\/06\/larrakoetxea-2-scaled-e1692175485599.jpg","datePublished":"2023-06-01T06:52:01+00:00","dateModified":"2024-06-29T14:10:52+00:00","description":"Plentzia mendi-ibilien abiapuntu eta helmuga da. Ibilbideak jarduera ezin hobea dira familian, lagunekin eta abar egiteko.","breadcrumb":{"@id":"https:\/\/visitplentzia.eus\/eu\/ekintza\/ibilaldiak\/#breadcrumb"},"inLanguage":"eu-ES","potentialAction":[{"@type":"ReadAction","target":["https:\/\/visitplentzia.eus\/eu\/ekintza\/ibilaldiak\/"]}]},{"@type":"ImageObject","inLanguage":"eu-ES","@id":"https:\/\/visitplentzia.eus\/eu\/ekintza\/ibilaldiak\/#primaryimage","url":"https:\/\/visitplentzia.eus\/wp-content\/uploads\/2023\/06\/larrakoetxea-2-scaled-e1692175485599.jpg","contentUrl":"https:\/\/visitplentzia.eus\/wp-content\/uploads\/2023\/06\/larrakoetxea-2-scaled-e1692175485599.jpg","width":1706,"height":1621},{"@type":"BreadcrumbList","@id":"https:\/\/visitplentzia.eus\/eu\/ekintza\/ibilaldiak\/#breadcrumb","itemListElement":[{"@type":"ListItem","position":1,"name":"Home","item":"https:\/\/visitplentzia.eus\/eu\/"},{"@type":"ListItem","position":2,"name":"Mendi-ibiliak egiteko bideak"}]},{"@type":"WebSite","@id":"https:\/\/visitplentzia.eus\/eu\/#website","url":"https:\/\/visitplentzia.eus\/eu\/","name":"Turismo Plentzia","description":"P\u00e1gina oficial de Turismo Plentzia. Visita su hermosa R\u00eda, su bella playa, su puerto y su pintoresco casco antiguo","publisher":{"@id":"https:\/\/visitplentzia.eus\/eu\/#organization"},"alternateName":"Turismo Plentzia","potentialAction":[{"@type":"SearchAction","target":{"@type":"EntryPoint","urlTemplate":"https:\/\/visitplentzia.eus\/eu\/?s={search_term_string}"},"query-input":{"@type":"PropertyValueSpecification","valueRequired":true,"valueName":"search_term_string"}}],"inLanguage":"eu-ES"},{"@type":"Organization","@id":"https:\/\/visitplentzia.eus\/eu\/#organization","name":"Plentzia turismo","url":"https:\/\/visitplentzia.eus\/eu\/","logo":{"@type":"ImageObject","inLanguage":"eu-ES","@id":"https:\/\/visitplentzia.eus\/eu\/#\/schema\/logo\/image\/","url":"https:\/\/visitplentzia.eus\/wp-content\/uploads\/2023\/04\/logo-plentzia.png","contentUrl":"https:\/\/visitplentzia.eus\/wp-content\/uploads\/2023\/04\/logo-plentzia.png","width":130,"height":117,"caption":"Plentzia turismo"},"image":{"@id":"https:\/\/visitplentzia.eus\/eu\/#\/schema\/logo\/image\/"}}]}},"publishpress_future_workflow_manual_trigger":{"enabledWorkflows":[]},"_links":{"self":[{"href":"https:\/\/visitplentzia.eus\/eu\/wp-json\/wp\/v2\/actividad\/1537","targetHints":{"allow":["GET"]}}],"collection":[{"href":"https:\/\/visitplentzia.eus\/eu\/wp-json\/wp\/v2\/actividad"}],"about":[{"href":"https:\/\/visitplentzia.eus\/eu\/wp-json\/wp\/v2\/types\/actividad"}],"wp:featuredmedia":[{"embeddable":true,"href":"https:\/\/visitplentzia.eus\/eu\/wp-json\/wp\/v2\/media\/1364"}],"wp:attachment":[{"href":"https:\/\/visitplentzia.eus\/eu\/wp-json\/wp\/v2\/media?parent=1537"}],"curies":[{"name":"wp","href":"https:\/\/api.w.org\/{rel}","templated":true}]}}