{"id":5589,"date":"2023-06-01T08:48:54","date_gmt":"2023-06-01T08:48:54","guid":{"rendered":"https:\/\/darkslategrey-ape-696608.hostingersite.com\/actividad\/surf\/"},"modified":"2024-02-28T19:03:28","modified_gmt":"2024-02-28T19:03:28","slug":"surf","status":"publish","type":"actividad","link":"https:\/\/visitplentzia.eus\/fr\/activit\u00e9\/surf\/","title":{"rendered":"Surf"},"content":{"rendered":"\n<p>Bien que la plage de Plentzia soit prot\u00e9g\u00e9e par la baie, une petite vague se forme \u00e0 l\u2019embouchure de l\u2019estuaire, ce qui en fait l\u2019endroit id\u00e9al pour la pratique du surf. Avec plusieurs points d\u2019acc\u00e8s le long de l\u2019estuaire, vous pouvez remonter jusqu\u2019au quartier d\u2019Isuskiza ou continuer un peu plus loin jusqu\u2019au prochain quai.<\/p>\n\n\n\n<div style=\"height:40px\" aria-hidden=\"true\" class=\"wp-block-spacer\"><\/div>\n\n\n\n<div class=\"wp-block-columns is-layout-flex wp-container-core-columns-is-layout-9d6595d7 wp-block-columns-is-layout-flex\">\n<div class=\"wp-block-column is-layout-flow wp-block-column-is-layout-flow\">\n<div class=\"wp-block-group empresa-data\"><div class=\"wp-block-group__inner-container is-layout-constrained wp-block-group-is-layout-constrained\">\n<div class=\"wp-block-columns are-vertically-aligned-top is-layout-flex wp-container-core-columns-is-layout-9d6595d7 wp-block-columns-is-layout-flex\">\n<div class=\"wp-block-column is-vertically-aligned-top is-layout-flow wp-block-column-is-layout-flow\" style=\"flex-basis:96px\">\n<figure class=\"wp-block-image size-full\"><img loading=\"lazy\" decoding=\"async\" width=\"150\" height=\"150\" src=\"http:\/\/visitplentzia.eus\/wp-content\/uploads\/2023\/06\/1-5-150x150-1.png\" alt=\"\" class=\"wp-image-421\" srcset=\"https:\/\/visitplentzia.eus\/wp-content\/uploads\/2023\/06\/1-5-150x150-1.png 150w, https:\/\/visitplentzia.eus\/wp-content\/uploads\/2023\/06\/1-5-150x150-1-75x75.png 75w\" sizes=\"auto, (max-width: 150px) 100vw, 150px\" \/><\/figure>\n<\/div>\n\n\n\n<div class=\"wp-block-column is-vertically-aligned-top is-layout-flow wp-block-column-is-layout-flow\">\n<h3 class=\"wp-block-heading\">Cabobillano<\/h3>\n\n\n\n<p class=\"web-icon\"><a href=\"http:\/\/cabobillano.com\/\">cabobillano.com<\/a><\/p>\n\n\n\n<p class=\"address-icon\"><a href=\"https:\/\/www.google.com\/maps\/place\/Cabo+Billano\/@43.4084766,-2.9447081,129m\/data=!3m1!1e3!4m13!1m7!3m6!1s0xd4e5d29c899cc73:0xc4c46ddb168cd952!2sAreatza+Hiribidea,+25,+48620+Plentzia,+Bizkaia!3b1!8m2!3d43.408538!4d-2.9443849!3m4!1s0xd4e5d29c85cecab:0x9d028966d88d474!8m2!3d43.4084635!4d-2.9443707\" target=\"_blank\" rel=\"noreferrer noopener\">Areatza hiribidea, 25<\/a><\/p>\n\n\n\n<p class=\"mail-icon\"><a href=\"mailto:cabobillano@cabobillano.com\">cabobillano@cabobillano.com<\/a><\/p>\n\n\n\n<p class=\"phone-icon\"><a href=\"tel:+34946774179\"><\/a><a href=\"tel:+34946774179\">946774179<\/a><\/p>\n<\/div>\n<\/div>\n<\/div><\/div>\n<\/div>\n\n\n\n<div class=\"wp-block-column is-layout-flow wp-block-column-is-layout-flow\">\n<div class=\"wp-block-group empresa-data\"><div class=\"wp-block-group__inner-container is-layout-constrained wp-block-group-is-layout-constrained\">\n<div class=\"wp-block-columns are-vertically-aligned-top is-layout-flex wp-container-core-columns-is-layout-9d6595d7 wp-block-columns-is-layout-flex\">\n<div class=\"wp-block-column is-vertically-aligned-top is-layout-flow wp-block-column-is-layout-flow\" style=\"flex-basis:96px\">\n<figure class=\"wp-block-image size-full\"><img loading=\"lazy\" decoding=\"async\" width=\"150\" height=\"150\" src=\"http:\/\/visitplentzia.eus\/wp-content\/uploads\/2023\/06\/3-3-150x150-1.png\" alt=\"\" class=\"wp-image-422\" srcset=\"https:\/\/visitplentzia.eus\/wp-content\/uploads\/2023\/06\/3-3-150x150-1.png 150w, https:\/\/visitplentzia.eus\/wp-content\/uploads\/2023\/06\/3-3-150x150-1-75x75.png 75w\" sizes=\"auto, (max-width: 150px) 100vw, 150px\" \/><\/figure>\n<\/div>\n\n\n\n<div class=\"wp-block-column is-vertically-aligned-top is-layout-flow wp-block-column-is-layout-flow\">\n<h3 class=\"wp-block-heading\">Aloka Surf&amp;Sup<\/h3>\n\n\n\n<p class=\"web-icon\"><a href=\"https:\/\/www.alokasurf.com\/\">alokasurf.com<\/a><\/p>\n\n\n\n<p class=\"address-icon\"><a href=\"https:\/\/www.google.com\/maps\/place\/ALOKA+SOPELA,+SURF+%26+SUP\/@43.3907235,-2.9894523,121m\/data=!3m1!1e3!4m5!3m4!1s0x0:0x9cbf3caaa78f136f!8m2!3d43.390825!4d-2.98966\" target=\"_blank\" rel=\"noreferrer noopener\">Kukullu 1B, Bajo izq. \u2013 Sopela<\/a><a href=\"http:\/\/uribekostaseatours.es\/\" target=\"_blank\" rel=\"noreferrer noopener\"><\/a><\/p>\n\n\n\n<p class=\"mail-icon\"><a href=\"mailto:alokasurf@gmail.com\">alokasurf@gmail.com<\/a><\/p>\n\n\n\n<p class=\"phone-icon\"><a href=\"tel:+34605751594\">605 75 15 94<\/a><\/p>\n<\/div>\n<\/div>\n<\/div><\/div>\n<\/div>\n<\/div>\n\n\n\n<div style=\"height:50px\" aria-hidden=\"true\" class=\"wp-block-spacer\"><\/div>\n\n\n\n<h3 class=\"wp-block-heading\">Kai Surf&amp;Sup<\/h3>\n\n\n\n<div style=\"height:40px\" aria-hidden=\"true\" class=\"wp-block-spacer\"><\/div>\n\n\n\n<div class=\"wp-block-columns is-layout-flex wp-container-core-columns-is-layout-9d6595d7 wp-block-columns-is-layout-flex\">\n<div class=\"wp-block-column is-layout-flow wp-block-column-is-layout-flow\">\n<div class=\"wp-block-group empresa-data\"><div class=\"wp-block-group__inner-container is-layout-constrained wp-block-group-is-layout-constrained\">\n<div class=\"wp-block-columns are-vertically-aligned-top is-layout-flex wp-container-core-columns-is-layout-9d6595d7 wp-block-columns-is-layout-flex\">\n<div class=\"wp-block-column is-vertically-aligned-top is-layout-flow wp-block-column-is-layout-flow\" style=\"flex-basis:96px\">\n<figure class=\"wp-block-image size-full\"><img loading=\"lazy\" decoding=\"async\" width=\"150\" height=\"150\" src=\"http:\/\/visitplentzia.eus\/wp-content\/uploads\/2023\/06\/4-1-150x150-1.png\" alt=\"\" class=\"wp-image-424\" srcset=\"https:\/\/visitplentzia.eus\/wp-content\/uploads\/2023\/06\/4-1-150x150-1.png 150w, https:\/\/visitplentzia.eus\/wp-content\/uploads\/2023\/06\/4-1-150x150-1-75x75.png 75w\" sizes=\"auto, (max-width: 150px) 100vw, 150px\" \/><\/figure>\n<\/div>\n\n\n\n<div class=\"wp-block-column is-vertically-aligned-top is-layout-flow wp-block-column-is-layout-flow\">\n<h3 class=\"wp-block-heading\">Alder<\/h3>\n\n\n\n<p class=\"address-icon\"><a href=\"https:\/\/www.google.com\/maps\/place\/Cabo+Billano\/@43.4084766,-2.9447081,129m\/data=!3m1!1e3!4m13!1m7!3m6!1s0xd4e5d29c899cc73:0xc4c46ddb168cd952!2sAreatza+Hiribidea,+25,+48620+Plentzia,+Bizkaia!3b1!8m2!3d43.408538!4d-2.9443849!3m4!1s0xd4e5d29c85cecab:0x9d028966d88d474!8m2!3d43.4084635!4d-2.9443707\" target=\"_blank\" rel=\"noreferrer noopener\"><\/a><a href=\"https:\/\/www.google.com\/maps\/place\/Club+Kai+Eder\/@43.4089672,-2.9452421,171m\/data=!3m1!1e3!4m13!1m7!3m6!1s0xd4e5d29b118d63d:0x253533431f18a7ee!2sCalle+Txurrua,+48620+Plencia,+Vizcaya!3b1!8m2!3d43.4089359!4d-2.9449679!3m4!1s0xd4e5d29b2681029:0xf4b3be185539711b!8m2!3d43.4089052!4d-2.9451634\" target=\"_blank\" rel=\"noreferrer noopener\">Txurrua Kalea, s\/n<\/a><\/p>\n\n\n\n<p class=\"mail-icon\"><a href=\"mailto:cabobillano@cabobillano.com\"><\/a><a href=\"mailto:info@aldersurfeskola.com\">info@aldersurfeskola.com<\/a><\/p>\n\n\n\n<p class=\"phone-icon\"><a href=\"tel:+34946774179\"><\/a><a href=\"tel:+34946774179\"><\/a><a href=\"tel:+34647656375\">647 65 63 75<\/a><\/p>\n<\/div>\n<\/div>\n<\/div><\/div>\n<\/div>\n\n\n\n<div class=\"wp-block-column is-layout-flow wp-block-column-is-layout-flow\">\n<div class=\"wp-block-group empresa-data\"><div class=\"wp-block-group__inner-container is-layout-constrained wp-block-group-is-layout-constrained\">\n<div class=\"wp-block-columns are-vertically-aligned-top is-layout-flex wp-container-core-columns-is-layout-9d6595d7 wp-block-columns-is-layout-flex\">\n<div class=\"wp-block-column is-vertically-aligned-top is-layout-flow wp-block-column-is-layout-flow\" style=\"flex-basis:96px\">\n<figure class=\"wp-block-image size-full\"><img loading=\"lazy\" decoding=\"async\" width=\"150\" height=\"150\" src=\"http:\/\/visitplentzia.eus\/wp-content\/uploads\/2023\/06\/2-4-150x150-1.png\" alt=\"\" class=\"wp-image-425\" srcset=\"https:\/\/visitplentzia.eus\/wp-content\/uploads\/2023\/06\/2-4-150x150-1.png 150w, https:\/\/visitplentzia.eus\/wp-content\/uploads\/2023\/06\/2-4-150x150-1-75x75.png 75w\" sizes=\"auto, (max-width: 150px) 100vw, 150px\" \/><\/figure>\n<\/div>\n\n\n\n<div class=\"wp-block-column is-vertically-aligned-top is-layout-flow wp-block-column-is-layout-flow\">\n<h3 class=\"wp-block-heading\">Barrika Surf Camp<\/h3>\n\n\n\n<p class=\"address-icon\"><a href=\"https:\/\/www.google.com\/maps\/place\/Barrika+Surf+Camp\/@43.4054602,-2.9656497,288m\/data=!3m1!1e3!4m5!3m4!1s0x0:0xb0e5843898f85f17!8m2!3d43.4052638!4d-2.9658741\" target=\"_blank\" rel=\"noreferrer noopener\">Urbanizaci\u00f3n Garramune, 49 \u2013 Barrika<\/a><a href=\"http:\/\/uribekostaseatours.es\/\" target=\"_blank\" rel=\"noreferrer noopener\"><\/a><\/p>\n\n\n\n<p class=\"mail-icon\"><a href=\"mailto:info@jaikisurfeskola.com%E2%80%A9\">info@jaikisurfeskola.com<\/a><\/p>\n\n\n\n<p class=\"phone-icon\"><a href=\"tel:+34607761610\" target=\"_blank\" rel=\"noreferrer noopener\">607 761 610<\/a><\/p>\n<\/div>\n<\/div>\n<\/div><\/div>\n<\/div>\n<\/div>\n\n\n\n<div style=\"height:40px\" aria-hidden=\"true\" class=\"wp-block-spacer\"><\/div>\n\n\n\n<p><strong>Consulta&nbsp;<a href=\"https:\/\/tablademareas.com\/es\/vizcaya\/plentzia\" target=\"_blank\" rel=\"noreferrer noopener\">aqu\u00ed<\/a>&nbsp;la tabla de mareas.<\/strong><\/p>\n","protected":false},"featured_media":0,"template":"","class_list":{"0":"post-5589","1":"actividad","2":"type-actividad","3":"status-publish","5":"entry"},"acf":[],"yoast_head":"<!-- This site is optimized with the Yoast SEO plugin v27.4 - https:\/\/yoast.com\/product\/yoast-seo-wordpress\/ -->\n<title>Apprenez \u00e0 surfer \u00e0 Plentzia<\/title>\n<meta name=\"description\" content=\"Bien que la plage de Plentzia soit prot\u00e9g\u00e9e par la baie, une petite vague se forme \u00e0 l&#039;embouchure de l&#039;estuaire.\" \/>\n<meta name=\"robots\" content=\"index, follow, max-snippet:-1, max-image-preview:large, max-video-preview:-1\" \/>\n<link rel=\"canonical\" href=\"https:\/\/visitplentzia.eus\/fr\/activit\u00e9\/surf\/\" \/>\n<meta property=\"og:locale\" content=\"fr_FR\" \/>\n<meta property=\"og:type\" content=\"article\" \/>\n<meta property=\"og:title\" content=\"Apprenez \u00e0 surfer \u00e0 Plentzia\" \/>\n<meta property=\"og:description\" content=\"Bien que la plage de Plentzia soit prot\u00e9g\u00e9e par la baie, une petite vague se forme \u00e0 l&#039;embouchure de l&#039;estuaire.\" \/>\n<meta property=\"og:url\" content=\"https:\/\/visitplentzia.eus\/fr\/activit\u00e9\/surf\/\" \/>\n<meta property=\"og:site_name\" content=\"Turismo Plentzia\" \/>\n<meta property=\"article:modified_time\" content=\"2024-02-28T19:03:28+00:00\" \/>\n<meta property=\"og:image\" content=\"http:\/\/visitplentzia.eus\/wp-content\/uploads\/2023\/06\/1-5-150x150-1.png\" \/>\n<meta name=\"twitter:card\" content=\"summary_large_image\" \/>\n<meta name=\"twitter:label1\" content=\"Dur\u00e9e de lecture estim\u00e9e\" \/>\n\t<meta name=\"twitter:data1\" content=\"2 minutes\" \/>\n<script type=\"application\/ld+json\" class=\"yoast-schema-graph\">{\"@context\":\"https:\\\/\\\/schema.org\",\"@graph\":[{\"@type\":\"WebPage\",\"@id\":\"https:\\\/\\\/visitplentzia.eus\\\/fr\\\/activit\u00e9\\\/surf\\\/\",\"url\":\"https:\\\/\\\/visitplentzia.eus\\\/fr\\\/activit\u00e9\\\/surf\\\/\",\"name\":\"Apprenez \u00e0 surfer \u00e0 Plentzia\",\"isPartOf\":{\"@id\":\"https:\\\/\\\/visitplentzia.eus\\\/fr\\\/#website\"},\"primaryImageOfPage\":{\"@id\":\"https:\\\/\\\/visitplentzia.eus\\\/fr\\\/activit\u00e9\\\/surf\\\/#primaryimage\"},\"image\":{\"@id\":\"https:\\\/\\\/visitplentzia.eus\\\/fr\\\/activit\u00e9\\\/surf\\\/#primaryimage\"},\"thumbnailUrl\":\"http:\\\/\\\/visitplentzia.eus\\\/wp-content\\\/uploads\\\/2023\\\/06\\\/1-5-150x150-1.png\",\"datePublished\":\"2023-06-01T08:48:54+00:00\",\"dateModified\":\"2024-02-28T19:03:28+00:00\",\"description\":\"Bien que la plage de Plentzia soit prot\u00e9g\u00e9e par la baie, une petite vague se forme \u00e0 l'embouchure de l'estuaire.\",\"breadcrumb\":{\"@id\":\"https:\\\/\\\/visitplentzia.eus\\\/fr\\\/activit\u00e9\\\/surf\\\/#breadcrumb\"},\"inLanguage\":\"fr-FR\",\"potentialAction\":[{\"@type\":\"ReadAction\",\"target\":[\"https:\\\/\\\/visitplentzia.eus\\\/fr\\\/activit\u00e9\\\/surf\\\/\"]}]},{\"@type\":\"ImageObject\",\"inLanguage\":\"fr-FR\",\"@id\":\"https:\\\/\\\/visitplentzia.eus\\\/fr\\\/activit\u00e9\\\/surf\\\/#primaryimage\",\"url\":\"http:\\\/\\\/visitplentzia.eus\\\/wp-content\\\/uploads\\\/2023\\\/06\\\/1-5-150x150-1.png\",\"contentUrl\":\"http:\\\/\\\/visitplentzia.eus\\\/wp-content\\\/uploads\\\/2023\\\/06\\\/1-5-150x150-1.png\"},{\"@type\":\"BreadcrumbList\",\"@id\":\"https:\\\/\\\/visitplentzia.eus\\\/fr\\\/activit\u00e9\\\/surf\\\/#breadcrumb\",\"itemListElement\":[{\"@type\":\"ListItem\",\"position\":1,\"name\":\"Home\",\"item\":\"https:\\\/\\\/visitplentzia.eus\\\/fr\\\/\"},{\"@type\":\"ListItem\",\"position\":2,\"name\":\"Surf\"}]},{\"@type\":\"WebSite\",\"@id\":\"https:\\\/\\\/visitplentzia.eus\\\/fr\\\/#website\",\"url\":\"https:\\\/\\\/visitplentzia.eus\\\/fr\\\/\",\"name\":\"Turismo Plentzia\",\"description\":\"P\u00e1gina oficial de Turismo Plentzia. Visita su hermosa R\u00eda, su bella playa, su puerto y su pintoresco casco antiguo\",\"publisher\":{\"@id\":\"https:\\\/\\\/visitplentzia.eus\\\/fr\\\/#organization\"},\"alternateName\":\"Turismo Plentzia\",\"potentialAction\":[{\"@type\":\"SearchAction\",\"target\":{\"@type\":\"EntryPoint\",\"urlTemplate\":\"https:\\\/\\\/visitplentzia.eus\\\/fr\\\/?s={search_term_string}\"},\"query-input\":{\"@type\":\"PropertyValueSpecification\",\"valueRequired\":true,\"valueName\":\"search_term_string\"}}],\"inLanguage\":\"fr-FR\"},{\"@type\":\"Organization\",\"@id\":\"https:\\\/\\\/visitplentzia.eus\\\/fr\\\/#organization\",\"name\":\"Plentzia turismo\",\"url\":\"https:\\\/\\\/visitplentzia.eus\\\/fr\\\/\",\"logo\":{\"@type\":\"ImageObject\",\"inLanguage\":\"fr-FR\",\"@id\":\"https:\\\/\\\/visitplentzia.eus\\\/fr\\\/#\\\/schema\\\/logo\\\/image\\\/\",\"url\":\"https:\\\/\\\/visitplentzia.eus\\\/wp-content\\\/uploads\\\/2023\\\/04\\\/logo-plentzia.png\",\"contentUrl\":\"https:\\\/\\\/visitplentzia.eus\\\/wp-content\\\/uploads\\\/2023\\\/04\\\/logo-plentzia.png\",\"width\":130,\"height\":117,\"caption\":\"Plentzia turismo\"},\"image\":{\"@id\":\"https:\\\/\\\/visitplentzia.eus\\\/fr\\\/#\\\/schema\\\/logo\\\/image\\\/\"}}]}<\/script>\n<!-- \/ Yoast SEO plugin. -->","yoast_head_json":{"title":"Apprenez \u00e0 surfer \u00e0 Plentzia","description":"Bien que la plage de Plentzia soit prot\u00e9g\u00e9e par la baie, une petite vague se forme \u00e0 l'embouchure de l'estuaire.","robots":{"index":"index","follow":"follow","max-snippet":"max-snippet:-1","max-image-preview":"max-image-preview:large","max-video-preview":"max-video-preview:-1"},"canonical":"https:\/\/visitplentzia.eus\/fr\/activit\u00e9\/surf\/","og_locale":"fr_FR","og_type":"article","og_title":"Apprenez \u00e0 surfer \u00e0 Plentzia","og_description":"Bien que la plage de Plentzia soit prot\u00e9g\u00e9e par la baie, une petite vague se forme \u00e0 l'embouchure de l'estuaire.","og_url":"https:\/\/visitplentzia.eus\/fr\/activit\u00e9\/surf\/","og_site_name":"Turismo Plentzia","article_modified_time":"2024-02-28T19:03:28+00:00","og_image":[{"url":"http:\/\/visitplentzia.eus\/wp-content\/uploads\/2023\/06\/1-5-150x150-1.png","type":"","width":"","height":""}],"twitter_card":"summary_large_image","twitter_misc":{"Dur\u00e9e de lecture estim\u00e9e":"2 minutes"},"schema":{"@context":"https:\/\/schema.org","@graph":[{"@type":"WebPage","@id":"https:\/\/visitplentzia.eus\/fr\/activit\u00e9\/surf\/","url":"https:\/\/visitplentzia.eus\/fr\/activit\u00e9\/surf\/","name":"Apprenez \u00e0 surfer \u00e0 Plentzia","isPartOf":{"@id":"https:\/\/visitplentzia.eus\/fr\/#website"},"primaryImageOfPage":{"@id":"https:\/\/visitplentzia.eus\/fr\/activit\u00e9\/surf\/#primaryimage"},"image":{"@id":"https:\/\/visitplentzia.eus\/fr\/activit\u00e9\/surf\/#primaryimage"},"thumbnailUrl":"http:\/\/visitplentzia.eus\/wp-content\/uploads\/2023\/06\/1-5-150x150-1.png","datePublished":"2023-06-01T08:48:54+00:00","dateModified":"2024-02-28T19:03:28+00:00","description":"Bien que la plage de Plentzia soit prot\u00e9g\u00e9e par la baie, une petite vague se forme \u00e0 l'embouchure de l'estuaire.","breadcrumb":{"@id":"https:\/\/visitplentzia.eus\/fr\/activit\u00e9\/surf\/#breadcrumb"},"inLanguage":"fr-FR","potentialAction":[{"@type":"ReadAction","target":["https:\/\/visitplentzia.eus\/fr\/activit\u00e9\/surf\/"]}]},{"@type":"ImageObject","inLanguage":"fr-FR","@id":"https:\/\/visitplentzia.eus\/fr\/activit\u00e9\/surf\/#primaryimage","url":"http:\/\/visitplentzia.eus\/wp-content\/uploads\/2023\/06\/1-5-150x150-1.png","contentUrl":"http:\/\/visitplentzia.eus\/wp-content\/uploads\/2023\/06\/1-5-150x150-1.png"},{"@type":"BreadcrumbList","@id":"https:\/\/visitplentzia.eus\/fr\/activit\u00e9\/surf\/#breadcrumb","itemListElement":[{"@type":"ListItem","position":1,"name":"Home","item":"https:\/\/visitplentzia.eus\/fr\/"},{"@type":"ListItem","position":2,"name":"Surf"}]},{"@type":"WebSite","@id":"https:\/\/visitplentzia.eus\/fr\/#website","url":"https:\/\/visitplentzia.eus\/fr\/","name":"Turismo Plentzia","description":"P\u00e1gina oficial de Turismo Plentzia. Visita su hermosa R\u00eda, su bella playa, su puerto y su pintoresco casco antiguo","publisher":{"@id":"https:\/\/visitplentzia.eus\/fr\/#organization"},"alternateName":"Turismo Plentzia","potentialAction":[{"@type":"SearchAction","target":{"@type":"EntryPoint","urlTemplate":"https:\/\/visitplentzia.eus\/fr\/?s={search_term_string}"},"query-input":{"@type":"PropertyValueSpecification","valueRequired":true,"valueName":"search_term_string"}}],"inLanguage":"fr-FR"},{"@type":"Organization","@id":"https:\/\/visitplentzia.eus\/fr\/#organization","name":"Plentzia turismo","url":"https:\/\/visitplentzia.eus\/fr\/","logo":{"@type":"ImageObject","inLanguage":"fr-FR","@id":"https:\/\/visitplentzia.eus\/fr\/#\/schema\/logo\/image\/","url":"https:\/\/visitplentzia.eus\/wp-content\/uploads\/2023\/04\/logo-plentzia.png","contentUrl":"https:\/\/visitplentzia.eus\/wp-content\/uploads\/2023\/04\/logo-plentzia.png","width":130,"height":117,"caption":"Plentzia turismo"},"image":{"@id":"https:\/\/visitplentzia.eus\/fr\/#\/schema\/logo\/image\/"}}]}},"publishpress_future_workflow_manual_trigger":{"enabledWorkflows":[]},"_links":{"self":[{"href":"https:\/\/visitplentzia.eus\/fr\/wp-json\/wp\/v2\/actividad\/5589","targetHints":{"allow":["GET"]}}],"collection":[{"href":"https:\/\/visitplentzia.eus\/fr\/wp-json\/wp\/v2\/actividad"}],"about":[{"href":"https:\/\/visitplentzia.eus\/fr\/wp-json\/wp\/v2\/types\/actividad"}],"wp:attachment":[{"href":"https:\/\/visitplentzia.eus\/fr\/wp-json\/wp\/v2\/media?parent=5589"}],"curies":[{"name":"wp","href":"https:\/\/api.w.org\/{rel}","templated":true}]}}