{"id":5631,"date":"2023-06-23T10:21:04","date_gmt":"2023-06-23T08:21:04","guid":{"rendered":"https:\/\/darkslategrey-ape-696608.hostingersite.com\/prepara-tu-viaje\/"},"modified":"2025-04-15T16:47:37","modified_gmt":"2025-04-15T14:47:37","slug":"planifiez-votre-sejour","status":"publish","type":"page","link":"https:\/\/visitplentzia.eus\/fr\/planifiez-votre-sejour\/","title":{"rendered":"Planifiez votre s\u00e9jour"},"content":{"rendered":"<div class=\"block-cabecera-interior\">\n\t<div class=\"image\" style=\"background-image: url(https:\/\/visitplentzia.eus\/wp-content\/uploads\/2023\/08\/Plentzia-01-scaled-e1692777669541.jpg);\"><\/div>\n\t\t\n\t<div class=\"gradient-bg\"><\/div>\n\t<div class=\"control-text\">\n\t\t<div class=\"wrap\">\n\t\t\t<h1>Planifiez votre s\u00e9jour<\/h1>\n\t\t\t<p class=\"subtitle\">Chaque ann\u00e9e, des centaines de personnes visitent Plentzia attir\u00e9s par son magnifique estuaire, la plage, le port et sa vieille ville pittoresque.<\/p>\n\t\t<\/div>\n\t<\/div>\n\n\t<div class=\"breadcrumb-content\">\n\t\t<div class=\"wrap\">\n\t\t\t<p id=\"breadcrumbs\"><span><span><a href=\"https:\/\/visitplentzia.eus\/fr\/\">Home<\/a><\/span><\/span><\/p>\t\t<\/div>\n\t<\/div>\n\n<\/div>\n\n\n<div class=\"wp-block-group wrap\"><div class=\"wp-block-group__inner-container is-layout-constrained wp-block-group-is-layout-constrained\">\n<h2 class=\"wp-block-heading\">O\u00f9 manger ?<\/h2>\n\n\n\n<p>Le nom de la ville de Plentzia est traditionnellement associ\u00e9 aux mets les plus raffin\u00e9s. Autrefois, les palourdes, les hu\u00eetres et les civelles \u00e9taient les plats vedettes.<\/p>\n\n\n\n<p>Aujourd\u2019hui, les d\u00e9licieuses bouch\u00e9es de la cuisine traditionnelle fusionnent le meilleur de la mer et les produits locaux. Tradition, innovation ou tapas, quels que soient vos go\u00fbts, Plentzia vous fera vivre une exp\u00e9rience culinaire \u00e0 votre mesure.<\/p>\n\n\n\n<p>Visitez les diff\u00e9rents \u00e9tablissements et laissez-vous s\u00e9duire par les plaisirs de la table.<\/p>\n\n\n\n<div style=\"height:40px\" aria-hidden=\"true\" class=\"wp-block-spacer\"><\/div>\n\n\n\n<div id=\"listado-cards-block_649572b0fc3cb\" class=\"listado-cards \">\n\n                    <div class=\"control-cards-grid columns-3\">\n                    \n                                                <div class=\"single-card\">\n                            \n                            <div class=\"image\">\n                                <a href=\"https:\/\/visitplentzia.eus\/fr\/restaurants\/club-social-abanico\/\">\n                                    <img loading=\"lazy\" decoding=\"async\" width=\"2560\" height=\"1987\" src=\"https:\/\/visitplentzia.eus\/wp-content\/uploads\/2023\/08\/Plentzia-01-1-scaled.jpg\" class=\"attachment-full size-full\" alt=\"\" srcset=\"https:\/\/visitplentzia.eus\/wp-content\/uploads\/2023\/08\/Plentzia-01-1-scaled.jpg 2560w, https:\/\/visitplentzia.eus\/wp-content\/uploads\/2023\/08\/Plentzia-01-1-300x233.jpg 300w, https:\/\/visitplentzia.eus\/wp-content\/uploads\/2023\/08\/Plentzia-01-1-1024x795.jpg 1024w, https:\/\/visitplentzia.eus\/wp-content\/uploads\/2023\/08\/Plentzia-01-1-768x596.jpg 768w, https:\/\/visitplentzia.eus\/wp-content\/uploads\/2023\/08\/Plentzia-01-1-1536x1192.jpg 1536w, https:\/\/visitplentzia.eus\/wp-content\/uploads\/2023\/08\/Plentzia-01-1-2048x1590.jpg 2048w\" sizes=\"auto, (max-width: 2560px) 100vw, 2560px\" \/>                                <\/a>\n                            <\/div>\n                            <div class=\"texto\">\n                                <p class=\"title\">\n                                    <a href=\"https:\/\/visitplentzia.eus\/fr\/restaurants\/club-social-abanico\/\">\n                                        Club Social Abanico                                    <\/a>\n                                <\/p>\n                                <div class=\"resumen\">\n                                    <p><span style=\"font-weight: 400;\">Le restaurant de hamburgers du club social Abanico, KissBurger, propose de succulents hamburgers pr\u00e9par\u00e9s avec des produits frais et de qualit\u00e9.<\/span><\/p>\n                                <\/div>\n                            <\/div>\n                            <div class=\"button-container\">\n                                <p>\n                                    <a class=\"button\" href=\"https:\/\/visitplentzia.eus\/fr\/restaurants\/club-social-abanico\/\">Plus d&rsquo;informations<\/a>\n                                <\/p>\n                            <\/div>\n                        <\/div>\n                \n                    \n                                                <div class=\"single-card\">\n                            \n                            <div class=\"image\">\n                                <a href=\"https:\/\/visitplentzia.eus\/fr\/restaurants\/restaurant-el-puerto\/\">\n                                    <img loading=\"lazy\" decoding=\"async\" width=\"680\" height=\"510\" src=\"https:\/\/visitplentzia.eus\/wp-content\/uploads\/2023\/06\/IMG_20220212_134405-e1710927305797.jpg\" class=\"attachment-full size-full\" alt=\"\" \/>                                <\/a>\n                            <\/div>\n                            <div class=\"texto\">\n                                <p class=\"title\">\n                                    <a href=\"https:\/\/visitplentzia.eus\/fr\/restaurants\/restaurant-el-puerto\/\">\n                                        Restaurant El Puerto                                    <\/a>\n                                <\/p>\n                                <div class=\"resumen\">\n                                    <p><span style=\"font-weight: 400;\">El Puerto est un restaurant tr\u00e8s bien situ\u00e9, d\u2019o\u00f9 l\u2019on peut profiter de superbes vues sur la plage et le port de Plentzia tout en d\u00e9gustant certains de ses plats, comme les calmars frits, entre autres.<\/span><\/p>\n                                <\/div>\n                            <\/div>\n                            <div class=\"button-container\">\n                                <p>\n                                    <a class=\"button\" href=\"https:\/\/visitplentzia.eus\/fr\/restaurants\/restaurant-el-puerto\/\">Plus d&rsquo;informations<\/a>\n                                <\/p>\n                            <\/div>\n                        <\/div>\n                \n                    \n                                                <div class=\"single-card\">\n                            \n                            <div class=\"image\">\n                                <a href=\"https:\/\/visitplentzia.eus\/fr\/restaurants\/pauli\/\">\n                                    <img loading=\"lazy\" decoding=\"async\" width=\"680\" height=\"510\" src=\"https:\/\/visitplentzia.eus\/wp-content\/uploads\/2023\/06\/IMG_20200112_133131-e1710927568714.jpg\" class=\"attachment-full size-full\" alt=\"\" \/>                                <\/a>\n                            <\/div>\n                            <div class=\"texto\">\n                                <p class=\"title\">\n                                    <a href=\"https:\/\/visitplentzia.eus\/fr\/restaurants\/pauli\/\">\n                                        Pauli                                    <\/a>\n                                <\/p>\n                                <div class=\"resumen\">\n                                    <p><span style=\"font-weight: 400;\">Situ\u00e9 dans le vieux quartier de Plentzia, le restaurant Pauli est un grill de viandes et de poissons de saison achet\u00e9s aux p\u00eacheurs de la zone de Plentzia et d\u2019Armintza. Les desserts faits maison raviront \u00e9galement les palais les plus exigeants.<\/span><\/p>\n                                <\/div>\n                            <\/div>\n                            <div class=\"button-container\">\n                                <p>\n                                    <a class=\"button\" href=\"https:\/\/visitplentzia.eus\/fr\/restaurants\/pauli\/\">Plus d&rsquo;informations<\/a>\n                                <\/p>\n                            <\/div>\n                        <\/div>\n                \n                                    <\/div>\n                \n    \n\n\n\n    \n    \n<\/div>\n\n\n\n\n<div style=\"height:40px\" aria-hidden=\"true\" class=\"wp-block-spacer\"><\/div>\n\n\n\n<div class=\"wp-block-buttons is-content-justification-center is-layout-flex wp-container-core-buttons-is-layout-16018d1d wp-block-buttons-is-layout-flex\">\n<div class=\"wp-block-button\"><a class=\"wp-block-button__link has-text-align-center wp-element-button\" href=\"https:\/\/visitplentzia.eus\/fr\/planifiez-votre-sejour\/restaurants\/\">Voir plus<\/a><\/div>\n<\/div>\n<\/div><\/div>\n\n\n\n<div class=\"wp-block-group\"><div class=\"wp-block-group__inner-container is-layout-constrained wp-block-group-is-layout-constrained\">\n<div style=\"height:80px\" aria-hidden=\"true\" class=\"wp-block-spacer\"><\/div>\n\n\n\n<div id=\"banner-type-3-block_649573e5fc3cf\" class=\"banner-type-3 banner-general\">\n    <div class=\"wrap\">\n        <div class=\"image-bg\" style=\"background-image: url();\">\n            \n            <div class=\"box-blue\">\n                <div class=\"texto\">\n                    <h2>Brochures et cartes<\/h2>\n<p>T\u00e9l\u00e9chargez nos plans et brochures pour un voyage plus complet.<\/p>\n                    <div class=\"button-container\">\n                        <p>\n                            <a class=\"button\" href=\"https:\/\/visitplentzia.eus\/fr\/planifiez-votre-sejour\/brochures-et-cartes\/\">Plus d&rsquo;informations<\/a>\n                        <\/p>\n                    <\/div>\n                <\/div>\n            <\/div>\n            \n        <\/div>\n    <\/div>\n<\/div>\n\n\n\n\n<div style=\"height:80px\" aria-hidden=\"true\" class=\"wp-block-spacer\"><\/div>\n<\/div><\/div>\n\n\n\n<div class=\"wp-block-group wrap\"><div class=\"wp-block-group__inner-container is-layout-constrained wp-block-group-is-layout-constrained\">\n<h2 class=\"wp-block-heading\">O\u00f9 dormir ?<\/h2>\n\n\n\n<p>Parcourez notre gamme d\u2019h\u00e9bergements pour rendre votre s\u00e9jour aussi confortable que possible. Des h\u00f4tels-boutiques aux maisons d\u2019h\u00f4tes accueillantes, nous disposons de l\u2019endroit id\u00e9al pour vous d\u00e9tendre pendant votre voyage.<\/p>\n\n\n\n<div style=\"height:40px\" aria-hidden=\"true\" class=\"wp-block-spacer\"><\/div>\n\n\n\n<div id=\"listado-cards-block_6495744bfc3d0\" class=\"listado-cards \">\n\n                    <div class=\"control-cards-grid columns-3\">\n                    \n                                                <div class=\"single-card\">\n                            \n                            <div class=\"image\">\n                                <a href=\"https:\/\/visitplentzia.eus\/fr\/h\u00e9bergements\/pension-casa-de-marinos-uribe-kosta\/\">\n                                    <img loading=\"lazy\" decoding=\"async\" width=\"480\" height=\"452\" src=\"https:\/\/visitplentzia.eus\/wp-content\/uploads\/2023\/06\/dsc_6005-2048x1371-480x452-1.jpg\" class=\"attachment-full size-full\" alt=\"\" srcset=\"https:\/\/visitplentzia.eus\/wp-content\/uploads\/2023\/06\/dsc_6005-2048x1371-480x452-1.jpg 480w, https:\/\/visitplentzia.eus\/wp-content\/uploads\/2023\/06\/dsc_6005-2048x1371-480x452-1-300x283.jpg 300w\" sizes=\"auto, (max-width: 480px) 100vw, 480px\" \/>                                <\/a>\n                            <\/div>\n                            <div class=\"texto\">\n                                <p class=\"title\">\n                                    <a href=\"https:\/\/visitplentzia.eus\/fr\/h\u00e9bergements\/pension-casa-de-marinos-uribe-kosta\/\">\n                                        Pensi\u00f3n Casa de Marinos Uribe Kosta**                                    <\/a>\n                                <\/p>\n                                <div class=\"resumen\">\n                                    <p style=\"text-align: justify;\"><span style=\"font-weight: 400;\">Charmante et accueillante pension situ\u00e9e \u00e0 proximit\u00e9 de l\u2019estuaire de Plentzia. Son bar et son restaurant, \u00e9quip\u00e9 d\u2019une terrasse, sont ouverts toute l\u2019ann\u00e9e.<\/span><\/p>\n                                <\/div>\n                            <\/div>\n                            <div class=\"button-container\">\n                                <p>\n                                    <a class=\"button\" href=\"https:\/\/visitplentzia.eus\/fr\/h\u00e9bergements\/pension-casa-de-marinos-uribe-kosta\/\">Plus d&rsquo;informations<\/a>\n                                <\/p>\n                            <\/div>\n                        <\/div>\n                \n                    \n                                                <div class=\"single-card\">\n                            \n                            <div class=\"image\">\n                                <a href=\"https:\/\/visitplentzia.eus\/fr\/h\u00e9bergements\/gite-rural-larrakoetxea\/\">\n                                    <img loading=\"lazy\" decoding=\"async\" width=\"480\" height=\"436\" src=\"https:\/\/visitplentzia.eus\/wp-content\/uploads\/2023\/06\/larrakoetxea-1-480x436-1.jpg\" class=\"attachment-full size-full\" alt=\"\" srcset=\"https:\/\/visitplentzia.eus\/wp-content\/uploads\/2023\/06\/larrakoetxea-1-480x436-1.jpg 480w, https:\/\/visitplentzia.eus\/wp-content\/uploads\/2023\/06\/larrakoetxea-1-480x436-1-300x273.jpg 300w\" sizes=\"auto, (max-width: 480px) 100vw, 480px\" \/>                                <\/a>\n                            <\/div>\n                            <div class=\"texto\">\n                                <p class=\"title\">\n                                    <a href=\"https:\/\/visitplentzia.eus\/fr\/h\u00e9bergements\/gite-rural-larrakoetxea\/\">\n                                        G\u00eete rural Larrakoetxea                                    <\/a>\n                                <\/p>\n                                <div class=\"resumen\">\n                                    <p style=\"text-align: justify;\"><span style=\"font-weight: 400;\">Construit sur le site d\u2019une ancienne ferme, l\u2019\u00e9tablissement Casa Rural Larrakoetxea est situ\u00e9 sur une colline et offre de magnifiques vues sur la baie de Plentzia.<\/span><\/p>\n                                <\/div>\n                            <\/div>\n                            <div class=\"button-container\">\n                                <p>\n                                    <a class=\"button\" href=\"https:\/\/visitplentzia.eus\/fr\/h\u00e9bergements\/gite-rural-larrakoetxea\/\">Plus d&rsquo;informations<\/a>\n                                <\/p>\n                            <\/div>\n                        <\/div>\n                \n                    \n                                                <div class=\"single-card\">\n                            \n                            <div class=\"image\">\n                                <a href=\"https:\/\/visitplentzia.eus\/fr\/h\u00e9bergements\/hotel-kaian\/\">\n                                    <img loading=\"lazy\" decoding=\"async\" width=\"1360\" height=\"1020\" src=\"https:\/\/visitplentzia.eus\/wp-content\/uploads\/2023\/05\/20230404_164119-e1713340087507.jpg\" class=\"attachment-full size-full\" alt=\"\" \/>                                <\/a>\n                            <\/div>\n                            <div class=\"texto\">\n                                <p class=\"title\">\n                                    <a href=\"https:\/\/visitplentzia.eus\/fr\/h\u00e9bergements\/hotel-kaian\/\">\n                                        H\u00f4tel Kaian***                                    <\/a>\n                                <\/p>\n                                <div class=\"resumen\">\n                                    <p style=\"text-align: justify;\"><span style=\"font-weight: 400;\">Les s\u0153urs Zaldua ont su apporter leur touche personnelle \u00e0 cette charmante petite maison situ\u00e9e \u00e0 c\u00f4t\u00e9 du port de Plentzia. Dans un environnement accessible, jeune et frais, il propose diff\u00e9rents espaces, certains plus formels, d&rsquo;autres plus informels, certains de nuit, d&rsquo;autres de jour.<\/span><\/p>\n                                <\/div>\n                            <\/div>\n                            <div class=\"button-container\">\n                                <p>\n                                    <a class=\"button\" href=\"https:\/\/visitplentzia.eus\/fr\/h\u00e9bergements\/hotel-kaian\/\">Plus d&rsquo;informations<\/a>\n                                <\/p>\n                            <\/div>\n                        <\/div>\n                \n                                    <\/div>\n                \n    \n\n\n\n    \n    \n<\/div>\n\n\n\n\n<div style=\"height:40px\" aria-hidden=\"true\" class=\"wp-block-spacer\"><\/div>\n\n\n\n<div class=\"wp-block-buttons is-content-justification-center is-layout-flex wp-container-core-buttons-is-layout-16018d1d wp-block-buttons-is-layout-flex\">\n<div class=\"wp-block-button\"><a class=\"wp-block-button__link has-text-align-center wp-element-button\" href=\"https:\/\/visitplentzia.eus\/fr\/planifiez-votre-sejour\/hebergements\/\">voir plus<\/a><\/div>\n<\/div>\n<\/div><\/div>\n\n\n\n<div class=\"wp-block-group\"><div class=\"wp-block-group__inner-container is-layout-constrained wp-block-group-is-layout-constrained\">\n<div id=\"listado-cards-block_64e7362e7cfad\" class=\"listado-cards \">\n\n                    <div class=\"control-cards-grid columns-3\">\n                                    <\/div>\n                \n    \n\n\n\n    \n    \n<\/div>\n\n<\/div><\/div>\n","protected":false},"excerpt":{"rendered":"<p>O\u00f9 manger ? Le nom de la ville de Plentzia est traditionnellement associ\u00e9 aux mets les plus raffin\u00e9s. Autrefois, les palourdes, les hu\u00eetres et les civelles \u00e9taient les plats vedettes. Aujourd\u2019hui, les d\u00e9licieuses bouch\u00e9es de la cuisine traditionnelle fusionnent le meilleur de la mer et les produits locaux. Tradition, innovation ou tapas, quels que soient [&hellip;]<\/p>\n","protected":false},"author":1,"featured_media":0,"parent":0,"menu_order":0,"comment_status":"closed","ping_status":"closed","template":"page-templates\/page-full-width.php","meta":{"_genesis_hide_title":false,"_genesis_hide_breadcrumbs":false,"_genesis_hide_singular_image":false,"_genesis_hide_footer_widgets":false,"_genesis_custom_body_class":"","_genesis_custom_post_class":"","_genesis_layout":"","footnotes":""},"class_list":{"0":"post-5631","1":"page","2":"type-page","3":"status-publish","5":"entry"},"acf":[],"yoast_head":"<!-- This site is optimized with the Yoast SEO plugin v27.4 - https:\/\/yoast.com\/product\/yoast-seo-wordpress\/ -->\n<title>Planifiez et pr\u00e9parez votre voyage \u00e0 Plentzia<\/title>\n<meta name=\"description\" content=\"Nous vous aidons \u00e0 planifier et \u00e0 pr\u00e9parer votre voyage \u00e0 Plentzia afin que vous ne manquiez rien d&#039;int\u00e9ressant.\" \/>\n<meta name=\"robots\" content=\"index, follow, max-snippet:-1, max-image-preview:large, max-video-preview:-1\" \/>\n<link rel=\"canonical\" href=\"https:\/\/visitplentzia.eus\/fr\/planifiez-votre-sejour\/\" \/>\n<meta property=\"og:locale\" content=\"fr_FR\" \/>\n<meta property=\"og:type\" content=\"article\" \/>\n<meta property=\"og:title\" content=\"Planifiez et pr\u00e9parez votre voyage \u00e0 Plentzia\" \/>\n<meta property=\"og:description\" content=\"Nous vous aidons \u00e0 planifier et \u00e0 pr\u00e9parer votre voyage \u00e0 Plentzia afin que vous ne manquiez rien d&#039;int\u00e9ressant.\" \/>\n<meta property=\"og:url\" content=\"https:\/\/visitplentzia.eus\/fr\/planifiez-votre-sejour\/\" \/>\n<meta property=\"og:site_name\" content=\"Turismo Plentzia\" \/>\n<meta property=\"article:modified_time\" content=\"2025-04-15T14:47:37+00:00\" \/>\n<meta name=\"twitter:card\" content=\"summary_large_image\" \/>\n<meta name=\"twitter:label1\" content=\"Dur\u00e9e de lecture estim\u00e9e\" \/>\n\t<meta name=\"twitter:data1\" content=\"1 minute\" \/>\n<script type=\"application\/ld+json\" class=\"yoast-schema-graph\">{\"@context\":\"https:\\\/\\\/schema.org\",\"@graph\":[{\"@type\":\"WebPage\",\"@id\":\"https:\\\/\\\/visitplentzia.eus\\\/fr\\\/planifiez-votre-sejour\\\/\",\"url\":\"https:\\\/\\\/visitplentzia.eus\\\/fr\\\/planifiez-votre-sejour\\\/\",\"name\":\"Planifiez et pr\u00e9parez votre voyage \u00e0 Plentzia\",\"isPartOf\":{\"@id\":\"https:\\\/\\\/visitplentzia.eus\\\/fr\\\/#website\"},\"datePublished\":\"2023-06-23T08:21:04+00:00\",\"dateModified\":\"2025-04-15T14:47:37+00:00\",\"description\":\"Nous vous aidons \u00e0 planifier et \u00e0 pr\u00e9parer votre voyage \u00e0 Plentzia afin que vous ne manquiez rien d'int\u00e9ressant.\",\"breadcrumb\":{\"@id\":\"https:\\\/\\\/visitplentzia.eus\\\/fr\\\/planifiez-votre-sejour\\\/#breadcrumb\"},\"inLanguage\":\"fr-FR\",\"potentialAction\":[{\"@type\":\"ReadAction\",\"target\":[\"https:\\\/\\\/visitplentzia.eus\\\/fr\\\/planifiez-votre-sejour\\\/\"]}]},{\"@type\":\"BreadcrumbList\",\"@id\":\"https:\\\/\\\/visitplentzia.eus\\\/fr\\\/planifiez-votre-sejour\\\/#breadcrumb\",\"itemListElement\":[{\"@type\":\"ListItem\",\"position\":1,\"name\":\"Home\",\"item\":\"https:\\\/\\\/visitplentzia.eus\\\/fr\\\/\"},{\"@type\":\"ListItem\",\"position\":2,\"name\":\"Planifiez votre s\u00e9jour\"}]},{\"@type\":\"WebSite\",\"@id\":\"https:\\\/\\\/visitplentzia.eus\\\/fr\\\/#website\",\"url\":\"https:\\\/\\\/visitplentzia.eus\\\/fr\\\/\",\"name\":\"Turismo Plentzia\",\"description\":\"P\u00e1gina oficial de Turismo Plentzia. Visita su hermosa R\u00eda, su bella playa, su puerto y su pintoresco casco antiguo\",\"publisher\":{\"@id\":\"https:\\\/\\\/visitplentzia.eus\\\/fr\\\/#organization\"},\"alternateName\":\"Turismo Plentzia\",\"potentialAction\":[{\"@type\":\"SearchAction\",\"target\":{\"@type\":\"EntryPoint\",\"urlTemplate\":\"https:\\\/\\\/visitplentzia.eus\\\/fr\\\/?s={search_term_string}\"},\"query-input\":{\"@type\":\"PropertyValueSpecification\",\"valueRequired\":true,\"valueName\":\"search_term_string\"}}],\"inLanguage\":\"fr-FR\"},{\"@type\":\"Organization\",\"@id\":\"https:\\\/\\\/visitplentzia.eus\\\/fr\\\/#organization\",\"name\":\"Plentzia turismo\",\"url\":\"https:\\\/\\\/visitplentzia.eus\\\/fr\\\/\",\"logo\":{\"@type\":\"ImageObject\",\"inLanguage\":\"fr-FR\",\"@id\":\"https:\\\/\\\/visitplentzia.eus\\\/fr\\\/#\\\/schema\\\/logo\\\/image\\\/\",\"url\":\"https:\\\/\\\/visitplentzia.eus\\\/wp-content\\\/uploads\\\/2023\\\/04\\\/logo-plentzia.png\",\"contentUrl\":\"https:\\\/\\\/visitplentzia.eus\\\/wp-content\\\/uploads\\\/2023\\\/04\\\/logo-plentzia.png\",\"width\":130,\"height\":117,\"caption\":\"Plentzia turismo\"},\"image\":{\"@id\":\"https:\\\/\\\/visitplentzia.eus\\\/fr\\\/#\\\/schema\\\/logo\\\/image\\\/\"}}]}<\/script>\n<!-- \/ Yoast SEO plugin. -->","yoast_head_json":{"title":"Planifiez et pr\u00e9parez votre voyage \u00e0 Plentzia","description":"Nous vous aidons \u00e0 planifier et \u00e0 pr\u00e9parer votre voyage \u00e0 Plentzia afin que vous ne manquiez rien d'int\u00e9ressant.","robots":{"index":"index","follow":"follow","max-snippet":"max-snippet:-1","max-image-preview":"max-image-preview:large","max-video-preview":"max-video-preview:-1"},"canonical":"https:\/\/visitplentzia.eus\/fr\/planifiez-votre-sejour\/","og_locale":"fr_FR","og_type":"article","og_title":"Planifiez et pr\u00e9parez votre voyage \u00e0 Plentzia","og_description":"Nous vous aidons \u00e0 planifier et \u00e0 pr\u00e9parer votre voyage \u00e0 Plentzia afin que vous ne manquiez rien d'int\u00e9ressant.","og_url":"https:\/\/visitplentzia.eus\/fr\/planifiez-votre-sejour\/","og_site_name":"Turismo Plentzia","article_modified_time":"2025-04-15T14:47:37+00:00","twitter_card":"summary_large_image","twitter_misc":{"Dur\u00e9e de lecture estim\u00e9e":"1 minute"},"schema":{"@context":"https:\/\/schema.org","@graph":[{"@type":"WebPage","@id":"https:\/\/visitplentzia.eus\/fr\/planifiez-votre-sejour\/","url":"https:\/\/visitplentzia.eus\/fr\/planifiez-votre-sejour\/","name":"Planifiez et pr\u00e9parez votre voyage \u00e0 Plentzia","isPartOf":{"@id":"https:\/\/visitplentzia.eus\/fr\/#website"},"datePublished":"2023-06-23T08:21:04+00:00","dateModified":"2025-04-15T14:47:37+00:00","description":"Nous vous aidons \u00e0 planifier et \u00e0 pr\u00e9parer votre voyage \u00e0 Plentzia afin que vous ne manquiez rien d'int\u00e9ressant.","breadcrumb":{"@id":"https:\/\/visitplentzia.eus\/fr\/planifiez-votre-sejour\/#breadcrumb"},"inLanguage":"fr-FR","potentialAction":[{"@type":"ReadAction","target":["https:\/\/visitplentzia.eus\/fr\/planifiez-votre-sejour\/"]}]},{"@type":"BreadcrumbList","@id":"https:\/\/visitplentzia.eus\/fr\/planifiez-votre-sejour\/#breadcrumb","itemListElement":[{"@type":"ListItem","position":1,"name":"Home","item":"https:\/\/visitplentzia.eus\/fr\/"},{"@type":"ListItem","position":2,"name":"Planifiez votre s\u00e9jour"}]},{"@type":"WebSite","@id":"https:\/\/visitplentzia.eus\/fr\/#website","url":"https:\/\/visitplentzia.eus\/fr\/","name":"Turismo Plentzia","description":"P\u00e1gina oficial de Turismo Plentzia. Visita su hermosa R\u00eda, su bella playa, su puerto y su pintoresco casco antiguo","publisher":{"@id":"https:\/\/visitplentzia.eus\/fr\/#organization"},"alternateName":"Turismo Plentzia","potentialAction":[{"@type":"SearchAction","target":{"@type":"EntryPoint","urlTemplate":"https:\/\/visitplentzia.eus\/fr\/?s={search_term_string}"},"query-input":{"@type":"PropertyValueSpecification","valueRequired":true,"valueName":"search_term_string"}}],"inLanguage":"fr-FR"},{"@type":"Organization","@id":"https:\/\/visitplentzia.eus\/fr\/#organization","name":"Plentzia turismo","url":"https:\/\/visitplentzia.eus\/fr\/","logo":{"@type":"ImageObject","inLanguage":"fr-FR","@id":"https:\/\/visitplentzia.eus\/fr\/#\/schema\/logo\/image\/","url":"https:\/\/visitplentzia.eus\/wp-content\/uploads\/2023\/04\/logo-plentzia.png","contentUrl":"https:\/\/visitplentzia.eus\/wp-content\/uploads\/2023\/04\/logo-plentzia.png","width":130,"height":117,"caption":"Plentzia turismo"},"image":{"@id":"https:\/\/visitplentzia.eus\/fr\/#\/schema\/logo\/image\/"}}]}},"featured_image_src":null,"featured_image_src_square":null,"publishpress_future_workflow_manual_trigger":{"enabledWorkflows":[]},"_links":{"self":[{"href":"https:\/\/visitplentzia.eus\/fr\/wp-json\/wp\/v2\/pages\/5631","targetHints":{"allow":["GET"]}}],"collection":[{"href":"https:\/\/visitplentzia.eus\/fr\/wp-json\/wp\/v2\/pages"}],"about":[{"href":"https:\/\/visitplentzia.eus\/fr\/wp-json\/wp\/v2\/types\/page"}],"author":[{"embeddable":true,"href":"https:\/\/visitplentzia.eus\/fr\/wp-json\/wp\/v2\/users\/1"}],"replies":[{"embeddable":true,"href":"https:\/\/visitplentzia.eus\/fr\/wp-json\/wp\/v2\/comments?post=5631"}],"version-history":[{"count":8,"href":"https:\/\/visitplentzia.eus\/fr\/wp-json\/wp\/v2\/pages\/5631\/revisions"}],"predecessor-version":[{"id":8211,"href":"https:\/\/visitplentzia.eus\/fr\/wp-json\/wp\/v2\/pages\/5631\/revisions\/8211"}],"wp:attachment":[{"href":"https:\/\/visitplentzia.eus\/fr\/wp-json\/wp\/v2\/media?parent=5631"}],"curies":[{"name":"wp","href":"https:\/\/api.w.org\/{rel}","templated":true}]}}