{"id":5644,"date":"2023-06-01T12:02:30","date_gmt":"2023-06-01T10:02:30","guid":{"rendered":"https:\/\/darkslategrey-ape-696608.hostingersite.com\/planifiez-votre-sejour\/alojamientos\/"},"modified":"2024-02-29T11:59:25","modified_gmt":"2024-02-29T11:59:25","slug":"hebergements","status":"publish","type":"page","link":"https:\/\/visitplentzia.eus\/fr\/planifiez-votre-sejour\/hebergements\/","title":{"rendered":"H\u00e9bergements"},"content":{"rendered":"\n<div style=\"height:50px\" aria-hidden=\"true\" class=\"wp-block-spacer\"><\/div>\n\n\n\n<div id=\"listado-cards-block_6478891912692\" class=\"listado-cards \">\n\n                    <div class=\"control-cards-grid horizontal-block\">\n                    \n                                                <div class=\"single-card\">\n                            <div class=\"image\">\n                                <a href=\"https:\/\/visitplentzia.eus\/fr\/h\u00e9bergements\/gite-rural-larrakoetxea\/\">\n                                    <img loading=\"lazy\" decoding=\"async\" width=\"480\" height=\"436\" src=\"https:\/\/visitplentzia.eus\/wp-content\/uploads\/2023\/06\/larrakoetxea-1-480x436-1.jpg\" class=\"attachment-full size-full\" alt=\"\" srcset=\"https:\/\/visitplentzia.eus\/wp-content\/uploads\/2023\/06\/larrakoetxea-1-480x436-1.jpg 480w, https:\/\/visitplentzia.eus\/wp-content\/uploads\/2023\/06\/larrakoetxea-1-480x436-1-300x273.jpg 300w\" sizes=\"auto, (max-width: 480px) 100vw, 480px\" \/>                                <\/a>\n                            <\/div>\n                            <div class=\"texto\">\n                                <p class=\"title\">\n                                    <a href=\"https:\/\/visitplentzia.eus\/fr\/h\u00e9bergements\/gite-rural-larrakoetxea\/\">\n                                        G\u00eete rural Larrakoetxea                                    <\/a>\n                                <\/p>\n                                <div class=\"resumen\">\n                                    <p style=\"text-align: justify;\"><span style=\"font-weight: 400;\">Construit sur le site d\u2019une ancienne ferme, l\u2019\u00e9tablissement Casa Rural Larrakoetxea est situ\u00e9 sur une colline et offre de magnifiques vues sur la baie de Plentzia.<\/span><\/p>\n                                <\/div>\n                                <div class=\"button-container\">\n                                    <p>\n                                        <a class=\"button\" href=\"https:\/\/visitplentzia.eus\/fr\/h\u00e9bergements\/gite-rural-larrakoetxea\/\">Plus d&rsquo;informations<\/a>\n                                    <\/p>\n                                <\/div>\n                            <\/div>\n                        <\/div>\n                \n                    \n                                                <div class=\"single-card\">\n                            <div class=\"image\">\n                                <a href=\"https:\/\/visitplentzia.eus\/fr\/h\u00e9bergements\/pension-arrarte\/\">\n                                    <img loading=\"lazy\" decoding=\"async\" width=\"411\" height=\"372\" src=\"https:\/\/visitplentzia.eus\/wp-content\/uploads\/2023\/06\/alojamiento-arrarte3.jpg\" class=\"attachment-full size-full\" alt=\"\" srcset=\"https:\/\/visitplentzia.eus\/wp-content\/uploads\/2023\/06\/alojamiento-arrarte3.jpg 411w, https:\/\/visitplentzia.eus\/wp-content\/uploads\/2023\/06\/alojamiento-arrarte3-300x272.jpg 300w\" sizes=\"auto, (max-width: 411px) 100vw, 411px\" \/>                                <\/a>\n                            <\/div>\n                            <div class=\"texto\">\n                                <p class=\"title\">\n                                    <a href=\"https:\/\/visitplentzia.eus\/fr\/h\u00e9bergements\/pension-arrarte\/\">\n                                        Pensi\u00f3n Arrarte*                                    <\/a>\n                                <\/p>\n                                <div class=\"resumen\">\n                                    <p style=\"text-align: justify;\"><span style=\"font-weight: 400;\">Situ\u00e9e dans le centre de Plentzia, cette petite pension accueillante offre de superbes vues sur le fleuve. L\u2019\u00e9tage du bas dispose d\u2019un restaurant avec une terrasse du m\u00eame nom.<\/span><\/p>\n                                <\/div>\n                                <div class=\"button-container\">\n                                    <p>\n                                        <a class=\"button\" href=\"https:\/\/visitplentzia.eus\/fr\/h\u00e9bergements\/pension-arrarte\/\">Plus d&rsquo;informations<\/a>\n                                    <\/p>\n                                <\/div>\n                            <\/div>\n                        <\/div>\n                \n                    \n                                                <div class=\"single-card\">\n                            <div class=\"image\">\n                                <a href=\"https:\/\/visitplentzia.eus\/fr\/h\u00e9bergements\/pension-casa-de-marinos-uribe-kosta\/\">\n                                    <img loading=\"lazy\" decoding=\"async\" width=\"480\" height=\"452\" src=\"https:\/\/visitplentzia.eus\/wp-content\/uploads\/2023\/06\/dsc_6005-2048x1371-480x452-1.jpg\" class=\"attachment-full size-full\" alt=\"\" srcset=\"https:\/\/visitplentzia.eus\/wp-content\/uploads\/2023\/06\/dsc_6005-2048x1371-480x452-1.jpg 480w, https:\/\/visitplentzia.eus\/wp-content\/uploads\/2023\/06\/dsc_6005-2048x1371-480x452-1-300x283.jpg 300w\" sizes=\"auto, (max-width: 480px) 100vw, 480px\" \/>                                <\/a>\n                            <\/div>\n                            <div class=\"texto\">\n                                <p class=\"title\">\n                                    <a href=\"https:\/\/visitplentzia.eus\/fr\/h\u00e9bergements\/pension-casa-de-marinos-uribe-kosta\/\">\n                                        Pensi\u00f3n Casa de Marinos Uribe Kosta**                                    <\/a>\n                                <\/p>\n                                <div class=\"resumen\">\n                                    <p style=\"text-align: justify;\"><span style=\"font-weight: 400;\">Charmante et accueillante pension situ\u00e9e \u00e0 proximit\u00e9 de l\u2019estuaire de Plentzia. Son bar et son restaurant, \u00e9quip\u00e9 d\u2019une terrasse, sont ouverts toute l\u2019ann\u00e9e.<\/span><\/p>\n                                <\/div>\n                                <div class=\"button-container\">\n                                    <p>\n                                        <a class=\"button\" href=\"https:\/\/visitplentzia.eus\/fr\/h\u00e9bergements\/pension-casa-de-marinos-uribe-kosta\/\">Plus d&rsquo;informations<\/a>\n                                    <\/p>\n                                <\/div>\n                            <\/div>\n                        <\/div>\n                \n                    \n                                                <div class=\"single-card\">\n                            <div class=\"image\">\n                                <a href=\"https:\/\/visitplentzia.eus\/fr\/h\u00e9bergements\/hotel-boutique-bahia-de-plentzia\/\">\n                                    <img loading=\"lazy\" decoding=\"async\" width=\"1949\" height=\"1948\" src=\"https:\/\/visitplentzia.eus\/wp-content\/uploads\/2023\/05\/hotel-boutique-bahia-de-plentzia-scaled-e1692265819124.jpg\" class=\"attachment-full size-full\" alt=\"\" srcset=\"https:\/\/visitplentzia.eus\/wp-content\/uploads\/2023\/05\/hotel-boutique-bahia-de-plentzia-scaled-e1692265819124.jpg 1949w, https:\/\/visitplentzia.eus\/wp-content\/uploads\/2023\/05\/hotel-boutique-bahia-de-plentzia-scaled-e1692265819124-300x300.jpg 300w, https:\/\/visitplentzia.eus\/wp-content\/uploads\/2023\/05\/hotel-boutique-bahia-de-plentzia-scaled-e1692265819124-1024x1024.jpg 1024w, https:\/\/visitplentzia.eus\/wp-content\/uploads\/2023\/05\/hotel-boutique-bahia-de-plentzia-scaled-e1692265819124-150x150.jpg 150w, https:\/\/visitplentzia.eus\/wp-content\/uploads\/2023\/05\/hotel-boutique-bahia-de-plentzia-scaled-e1692265819124-768x768.jpg 768w, https:\/\/visitplentzia.eus\/wp-content\/uploads\/2023\/05\/hotel-boutique-bahia-de-plentzia-scaled-e1692265819124-1536x1536.jpg 1536w, https:\/\/visitplentzia.eus\/wp-content\/uploads\/2023\/05\/hotel-boutique-bahia-de-plentzia-scaled-e1692265819124-75x75.jpg 75w, https:\/\/visitplentzia.eus\/wp-content\/uploads\/2023\/05\/hotel-boutique-bahia-de-plentzia-scaled-e1692265819124-600x600.jpg 600w\" sizes=\"auto, (max-width: 1949px) 100vw, 1949px\" \/>                                <\/a>\n                            <\/div>\n                            <div class=\"texto\">\n                                <p class=\"title\">\n                                    <a href=\"https:\/\/visitplentzia.eus\/fr\/h\u00e9bergements\/hotel-boutique-bahia-de-plentzia\/\">\n                                        H\u00f4tel-Boutique Bah\u00eda de Plentzia**                                    <\/a>\n                                <\/p>\n                                <div class=\"resumen\">\n                                    <p style=\"text-align: justify;\"><span style=\"font-weight: 400;\">Situ\u00e9 \u00e0 proximit\u00e9 de l\u2019estuaire et de la mairie, l\u2019h\u00f4tel-boutique Bah\u00eda de Plentzia dispose de chambres, d\u2019appartements, d\u2019un bar, d\u2019un restaurant et d\u2019une salle pour l\u2019organisation d\u2019\u00e9v\u00e9nements.<\/span><\/p>\n                                <\/div>\n                                <div class=\"button-container\">\n                                    <p>\n                                        <a class=\"button\" href=\"https:\/\/visitplentzia.eus\/fr\/h\u00e9bergements\/hotel-boutique-bahia-de-plentzia\/\">Plus d&rsquo;informations<\/a>\n                                    <\/p>\n                                <\/div>\n                            <\/div>\n                        <\/div>\n                \n                    \n                                                <div class=\"single-card\">\n                            <div class=\"image\">\n                                <a href=\"https:\/\/visitplentzia.eus\/fr\/h\u00e9bergements\/hotel-kaian\/\">\n                                    <img loading=\"lazy\" decoding=\"async\" width=\"1360\" height=\"1020\" src=\"https:\/\/visitplentzia.eus\/wp-content\/uploads\/2023\/05\/20230404_164119-e1713340087507.jpg\" class=\"attachment-full size-full\" alt=\"\" \/>                                <\/a>\n                            <\/div>\n                            <div class=\"texto\">\n                                <p class=\"title\">\n                                    <a href=\"https:\/\/visitplentzia.eus\/fr\/h\u00e9bergements\/hotel-kaian\/\">\n                                        H\u00f4tel Kaian***                                    <\/a>\n                                <\/p>\n                                <div class=\"resumen\">\n                                    <p style=\"text-align: justify;\"><span style=\"font-weight: 400;\">Les s\u0153urs Zaldua ont su apporter leur touche personnelle \u00e0 cette charmante petite maison situ\u00e9e \u00e0 c\u00f4t\u00e9 du port de Plentzia. Dans un environnement accessible, jeune et frais, il propose diff\u00e9rents espaces, certains plus formels, d&rsquo;autres plus informels, certains de nuit, d&rsquo;autres de jour.<\/span><\/p>\n                                <\/div>\n                                <div class=\"button-container\">\n                                    <p>\n                                        <a class=\"button\" href=\"https:\/\/visitplentzia.eus\/fr\/h\u00e9bergements\/hotel-kaian\/\">Plus d&rsquo;informations<\/a>\n                                    <\/p>\n                                <\/div>\n                            <\/div>\n                        <\/div>\n                \n                                    <\/div>\n            \n    \n\n\n\n    \n    \n<\/div>\n\n\n\n\n<div style=\"height:50px\" aria-hidden=\"true\" class=\"wp-block-spacer\"><\/div>\n\n\n\n<iframe src=\"https:\/\/www.google.com\/maps\/embed?pb=!1m18!1m12!1m3!1d5797.105552779509!2d-2.9488710515513294!3d43.40727617883899!2m3!1f0!2f0!3f0!3m2!1i1024!2i768!4f13.1!3m3!1m2!1s0xd4e5cd774947935%3A0x8f5620cf5c5e4d36!2sPlencia%2C%20Vizcaya!5e0!3m2!1ses!2ses!4v1709207849459!5m2!1ses!2ses\" width=\"1000\" height=\"400\" style=\"border:0;\" allowfullscreen=\"\" loading=\"lazy\" referrerpolicy=\"no-referrer-when-downgrade\"><\/iframe>\n","protected":false},"excerpt":{"rendered":"","protected":false},"author":1,"featured_media":0,"parent":5631,"menu_order":0,"comment_status":"closed","ping_status":"closed","template":"page-templates\/page-prepara-viaje.php","meta":{"_genesis_hide_title":false,"_genesis_hide_breadcrumbs":false,"_genesis_hide_singular_image":false,"_genesis_hide_footer_widgets":false,"_genesis_custom_body_class":"","_genesis_custom_post_class":"","_genesis_layout":"","footnotes":""},"class_list":{"0":"post-5644","1":"page","2":"type-page","3":"status-publish","5":"entry"},"acf":[],"yoast_head":"<!-- This site is optimized with the Yoast SEO plugin v27.4 - https:\/\/yoast.com\/product\/yoast-seo-wordpress\/ -->\n<title>H\u00e9bergement \u00e0 Plentzia | H\u00f4tels, g\u00eetes ruraux, etc.<\/title>\n<meta name=\"description\" content=\"H\u00e9bergement \u00e0 Plentzia : h\u00f4tels, g\u00eetes ruraux et pensions. Des h\u00e9bergements pour tous les go\u00fbts et tous les budgets.\" \/>\n<meta name=\"robots\" content=\"index, follow, max-snippet:-1, max-image-preview:large, max-video-preview:-1\" \/>\n<link rel=\"canonical\" href=\"https:\/\/visitplentzia.eus\/fr\/planifiez-votre-sejour\/hebergements\/\" \/>\n<meta property=\"og:locale\" content=\"fr_FR\" \/>\n<meta property=\"og:type\" content=\"article\" \/>\n<meta property=\"og:title\" content=\"H\u00e9bergement \u00e0 Plentzia | H\u00f4tels, g\u00eetes ruraux, etc.\" \/>\n<meta property=\"og:description\" content=\"H\u00e9bergement \u00e0 Plentzia : h\u00f4tels, g\u00eetes ruraux et pensions. Des h\u00e9bergements pour tous les go\u00fbts et tous les budgets.\" \/>\n<meta property=\"og:url\" content=\"https:\/\/visitplentzia.eus\/fr\/planifiez-votre-sejour\/hebergements\/\" \/>\n<meta property=\"og:site_name\" content=\"Turismo Plentzia\" \/>\n<meta property=\"article:modified_time\" content=\"2024-02-29T11:59:25+00:00\" \/>\n<meta name=\"twitter:card\" content=\"summary_large_image\" \/>\n<script type=\"application\/ld+json\" class=\"yoast-schema-graph\">{\"@context\":\"https:\\\/\\\/schema.org\",\"@graph\":[{\"@type\":\"WebPage\",\"@id\":\"https:\\\/\\\/visitplentzia.eus\\\/fr\\\/planifiez-votre-sejour\\\/hebergements\\\/\",\"url\":\"https:\\\/\\\/visitplentzia.eus\\\/fr\\\/planifiez-votre-sejour\\\/hebergements\\\/\",\"name\":\"H\u00e9bergement \u00e0 Plentzia | H\u00f4tels, g\u00eetes ruraux, etc.\",\"isPartOf\":{\"@id\":\"https:\\\/\\\/visitplentzia.eus\\\/fr\\\/#website\"},\"datePublished\":\"2023-06-01T10:02:30+00:00\",\"dateModified\":\"2024-02-29T11:59:25+00:00\",\"description\":\"H\u00e9bergement \u00e0 Plentzia : h\u00f4tels, g\u00eetes ruraux et pensions. Des h\u00e9bergements pour tous les go\u00fbts et tous les budgets.\",\"breadcrumb\":{\"@id\":\"https:\\\/\\\/visitplentzia.eus\\\/fr\\\/planifiez-votre-sejour\\\/hebergements\\\/#breadcrumb\"},\"inLanguage\":\"fr-FR\",\"potentialAction\":[{\"@type\":\"ReadAction\",\"target\":[\"https:\\\/\\\/visitplentzia.eus\\\/fr\\\/planifiez-votre-sejour\\\/hebergements\\\/\"]}]},{\"@type\":\"BreadcrumbList\",\"@id\":\"https:\\\/\\\/visitplentzia.eus\\\/fr\\\/planifiez-votre-sejour\\\/hebergements\\\/#breadcrumb\",\"itemListElement\":[{\"@type\":\"ListItem\",\"position\":1,\"name\":\"Home\",\"item\":\"https:\\\/\\\/visitplentzia.eus\\\/fr\\\/\"},{\"@type\":\"ListItem\",\"position\":2,\"name\":\"Planifiez votre s\u00e9jour\",\"item\":\"https:\\\/\\\/visitplentzia.eus\\\/fr\\\/planifiez-votre-sejour\\\/\"},{\"@type\":\"ListItem\",\"position\":3,\"name\":\"H\u00e9bergements\"}]},{\"@type\":\"WebSite\",\"@id\":\"https:\\\/\\\/visitplentzia.eus\\\/fr\\\/#website\",\"url\":\"https:\\\/\\\/visitplentzia.eus\\\/fr\\\/\",\"name\":\"Turismo Plentzia\",\"description\":\"P\u00e1gina oficial de Turismo Plentzia. Visita su hermosa R\u00eda, su bella playa, su puerto y su pintoresco casco antiguo\",\"publisher\":{\"@id\":\"https:\\\/\\\/visitplentzia.eus\\\/fr\\\/#organization\"},\"alternateName\":\"Turismo Plentzia\",\"potentialAction\":[{\"@type\":\"SearchAction\",\"target\":{\"@type\":\"EntryPoint\",\"urlTemplate\":\"https:\\\/\\\/visitplentzia.eus\\\/fr\\\/?s={search_term_string}\"},\"query-input\":{\"@type\":\"PropertyValueSpecification\",\"valueRequired\":true,\"valueName\":\"search_term_string\"}}],\"inLanguage\":\"fr-FR\"},{\"@type\":\"Organization\",\"@id\":\"https:\\\/\\\/visitplentzia.eus\\\/fr\\\/#organization\",\"name\":\"Plentzia turismo\",\"url\":\"https:\\\/\\\/visitplentzia.eus\\\/fr\\\/\",\"logo\":{\"@type\":\"ImageObject\",\"inLanguage\":\"fr-FR\",\"@id\":\"https:\\\/\\\/visitplentzia.eus\\\/fr\\\/#\\\/schema\\\/logo\\\/image\\\/\",\"url\":\"https:\\\/\\\/visitplentzia.eus\\\/wp-content\\\/uploads\\\/2023\\\/04\\\/logo-plentzia.png\",\"contentUrl\":\"https:\\\/\\\/visitplentzia.eus\\\/wp-content\\\/uploads\\\/2023\\\/04\\\/logo-plentzia.png\",\"width\":130,\"height\":117,\"caption\":\"Plentzia turismo\"},\"image\":{\"@id\":\"https:\\\/\\\/visitplentzia.eus\\\/fr\\\/#\\\/schema\\\/logo\\\/image\\\/\"}}]}<\/script>\n<!-- \/ Yoast SEO plugin. -->","yoast_head_json":{"title":"H\u00e9bergement \u00e0 Plentzia | H\u00f4tels, g\u00eetes ruraux, etc.","description":"H\u00e9bergement \u00e0 Plentzia : h\u00f4tels, g\u00eetes ruraux et pensions. Des h\u00e9bergements pour tous les go\u00fbts et tous les budgets.","robots":{"index":"index","follow":"follow","max-snippet":"max-snippet:-1","max-image-preview":"max-image-preview:large","max-video-preview":"max-video-preview:-1"},"canonical":"https:\/\/visitplentzia.eus\/fr\/planifiez-votre-sejour\/hebergements\/","og_locale":"fr_FR","og_type":"article","og_title":"H\u00e9bergement \u00e0 Plentzia | H\u00f4tels, g\u00eetes ruraux, etc.","og_description":"H\u00e9bergement \u00e0 Plentzia : h\u00f4tels, g\u00eetes ruraux et pensions. Des h\u00e9bergements pour tous les go\u00fbts et tous les budgets.","og_url":"https:\/\/visitplentzia.eus\/fr\/planifiez-votre-sejour\/hebergements\/","og_site_name":"Turismo Plentzia","article_modified_time":"2024-02-29T11:59:25+00:00","twitter_card":"summary_large_image","schema":{"@context":"https:\/\/schema.org","@graph":[{"@type":"WebPage","@id":"https:\/\/visitplentzia.eus\/fr\/planifiez-votre-sejour\/hebergements\/","url":"https:\/\/visitplentzia.eus\/fr\/planifiez-votre-sejour\/hebergements\/","name":"H\u00e9bergement \u00e0 Plentzia | H\u00f4tels, g\u00eetes ruraux, etc.","isPartOf":{"@id":"https:\/\/visitplentzia.eus\/fr\/#website"},"datePublished":"2023-06-01T10:02:30+00:00","dateModified":"2024-02-29T11:59:25+00:00","description":"H\u00e9bergement \u00e0 Plentzia : h\u00f4tels, g\u00eetes ruraux et pensions. Des h\u00e9bergements pour tous les go\u00fbts et tous les budgets.","breadcrumb":{"@id":"https:\/\/visitplentzia.eus\/fr\/planifiez-votre-sejour\/hebergements\/#breadcrumb"},"inLanguage":"fr-FR","potentialAction":[{"@type":"ReadAction","target":["https:\/\/visitplentzia.eus\/fr\/planifiez-votre-sejour\/hebergements\/"]}]},{"@type":"BreadcrumbList","@id":"https:\/\/visitplentzia.eus\/fr\/planifiez-votre-sejour\/hebergements\/#breadcrumb","itemListElement":[{"@type":"ListItem","position":1,"name":"Home","item":"https:\/\/visitplentzia.eus\/fr\/"},{"@type":"ListItem","position":2,"name":"Planifiez votre s\u00e9jour","item":"https:\/\/visitplentzia.eus\/fr\/planifiez-votre-sejour\/"},{"@type":"ListItem","position":3,"name":"H\u00e9bergements"}]},{"@type":"WebSite","@id":"https:\/\/visitplentzia.eus\/fr\/#website","url":"https:\/\/visitplentzia.eus\/fr\/","name":"Turismo Plentzia","description":"P\u00e1gina oficial de Turismo Plentzia. Visita su hermosa R\u00eda, su bella playa, su puerto y su pintoresco casco antiguo","publisher":{"@id":"https:\/\/visitplentzia.eus\/fr\/#organization"},"alternateName":"Turismo Plentzia","potentialAction":[{"@type":"SearchAction","target":{"@type":"EntryPoint","urlTemplate":"https:\/\/visitplentzia.eus\/fr\/?s={search_term_string}"},"query-input":{"@type":"PropertyValueSpecification","valueRequired":true,"valueName":"search_term_string"}}],"inLanguage":"fr-FR"},{"@type":"Organization","@id":"https:\/\/visitplentzia.eus\/fr\/#organization","name":"Plentzia turismo","url":"https:\/\/visitplentzia.eus\/fr\/","logo":{"@type":"ImageObject","inLanguage":"fr-FR","@id":"https:\/\/visitplentzia.eus\/fr\/#\/schema\/logo\/image\/","url":"https:\/\/visitplentzia.eus\/wp-content\/uploads\/2023\/04\/logo-plentzia.png","contentUrl":"https:\/\/visitplentzia.eus\/wp-content\/uploads\/2023\/04\/logo-plentzia.png","width":130,"height":117,"caption":"Plentzia turismo"},"image":{"@id":"https:\/\/visitplentzia.eus\/fr\/#\/schema\/logo\/image\/"}}]}},"featured_image_src":null,"featured_image_src_square":null,"publishpress_future_workflow_manual_trigger":{"enabledWorkflows":[]},"_links":{"self":[{"href":"https:\/\/visitplentzia.eus\/fr\/wp-json\/wp\/v2\/pages\/5644","targetHints":{"allow":["GET"]}}],"collection":[{"href":"https:\/\/visitplentzia.eus\/fr\/wp-json\/wp\/v2\/pages"}],"about":[{"href":"https:\/\/visitplentzia.eus\/fr\/wp-json\/wp\/v2\/types\/page"}],"author":[{"embeddable":true,"href":"https:\/\/visitplentzia.eus\/fr\/wp-json\/wp\/v2\/users\/1"}],"replies":[{"embeddable":true,"href":"https:\/\/visitplentzia.eus\/fr\/wp-json\/wp\/v2\/comments?post=5644"}],"version-history":[{"count":4,"href":"https:\/\/visitplentzia.eus\/fr\/wp-json\/wp\/v2\/pages\/5644\/revisions"}],"predecessor-version":[{"id":6202,"href":"https:\/\/visitplentzia.eus\/fr\/wp-json\/wp\/v2\/pages\/5644\/revisions\/6202"}],"up":[{"embeddable":true,"href":"https:\/\/visitplentzia.eus\/fr\/wp-json\/wp\/v2\/pages\/5631"}],"wp:attachment":[{"href":"https:\/\/visitplentzia.eus\/fr\/wp-json\/wp\/v2\/media?parent=5644"}],"curies":[{"name":"wp","href":"https:\/\/api.w.org\/{rel}","templated":true}]}}