{"id":5736,"date":"2023-05-24T08:23:23","date_gmt":"2023-05-24T06:23:23","guid":{"rendered":"https:\/\/darkslategrey-ape-696608.hostingersite.com\/que-voir\/patrimoine\/casco-historico\/"},"modified":"2024-02-29T12:15:51","modified_gmt":"2024-02-29T12:15:51","slug":"vieille-ville","status":"publish","type":"page","link":"https:\/\/visitplentzia.eus\/fr\/que-voir\/patrimoine\/vieille-ville\/","title":{"rendered":"Vieille ville"},"content":{"rendered":"\n<div class=\"wp-block-columns is-layout-flex wp-container-core-columns-is-layout-9d6595d7 wp-block-columns-is-layout-flex\">\n<div class=\"wp-block-column is-layout-flow wp-block-column-is-layout-flow\">\n<p>Le vieux quartier de Plentzia offre un ensemble h\u00e9t\u00e9roclite de constructions color\u00e9es o\u00f9 les vestiges d\u2019anciennes maisons de marins c\u00f4toient des b\u00e2timents historiques tels que l\u2019\u00e9glise, l\u2019actuel b\u00e2timent du mus\u00e9e (ancien h\u00f4tel de ville), l\u2019ancienne tour de la lign\u00e9e M\u00fajica-Butr\u00f3n \u2013 \u00e0 l\u2019angle des rues Udaletxe Aldapa et Eleiz Enparantza \u2013 et des demeures construites par la bourgeoisie tout au long du XIXe si\u00e8cle. Cette combinaison architecturale fait de la ville un lieu tr\u00e8s attrayant \u00e0 travers lequel le visiteur permet de se rem\u00e9morer un pass\u00e9 historique intense et riche en traditions.<\/p>\n\n\n\n<p class=\"has-text-align-left\">Toute visite de la commune de Plentzia passe in\u00e9vitablement par une promenade dans les rues \u00e9troites de sa vieille ville qui, malgr\u00e9 les profonds r\u00e9am\u00e9nagements subis par la municipalit\u00e9 au cours du si\u00e8cle dernier, conserve encore ce charme caract\u00e9ristique des lieux historiques.<\/p>\n\n\n\n<p>La ville m\u00e9di\u00e9vale de Plentzia est habit\u00e9e vers 1236 par Lope Diaz de Haro, seigneur de Biscaye (1214-1239). Son petit-fils, Don Diego L\u00f3pez de Haro, lui accorde une charte de peuplement en 1299. Fond\u00e9e \u00e0 la place de Gam\u00edniz, elle est am\u00e9nag\u00e9e en trois rues parall\u00e8les. Ces rues longeaient l\u2019estuaire (Barrenkale, Artekale et Goienkale), coup\u00e9es par deux autres voies transversales (aujourd\u2019hui Madalen Aldapa et Udaletxe Aldapa), qui reliaient le centre ville, pr\u00e9sid\u00e9 par la place de l\u2019\u00e9glise, \u00e0 l\u2019estuaire. Le tout \u00e9tait entour\u00e9 d\u2019une muraille dans laquelle plusieurs portes \u00e9taient ouvertes. Aujourd\u2019hui, seul l\u2019arche de Santiago, dans la rue Eleiz Enparantza, est encore debout.<\/p>\n<\/div>\n\n\n\n<div class=\"wp-block-column is-layout-flow wp-block-column-is-layout-flow\">\n<figure class=\"wp-block-image size-full is-style-default\"><img decoding=\"async\" src=\"http:\/\/visitplentzia.eus\/wp-content\/uploads\/2023\/05\/aldezaharra-2-683x1024-1.jpg\" alt=\"\" class=\"wp-image-208\"\/><\/figure>\n<\/div>\n<\/div>\n\n\n\n<p>Les terribles incendies qui ont ravag\u00e9 la ville en 1437 et \u00e0 la fin du XVIIe si\u00e8cle ont pratiquement d\u00e9truit l\u2019ensemble de Plentzia, ne laissant subsister que le b\u00e2timent de l\u2019\u00e9glise, la tour M\u00fajica-Butr\u00f3n et une partie de la muraille, aujourd\u2019hui disparue \u00e0 la suite de l\u2019intense intervention urbanistique.<\/p>\n\n\n\n<p>Il est encore possible de deviner les vestiges de l\u2019ancienne partie m\u00e9di\u00e9vale gr\u00e2ce aux \u00e9troites parcelles qui, parfois, conservent encore les jardins potagers typiques qui ont pratiquement disparus des villes de Biscaye.<\/p>\n\n\n\n<p>Contrairement aux apparences, l\u2019activit\u00e9 \u00e9conomique principale de la ville n\u2019\u00e9tait pas la p\u00eache, toutefois importante dans un premier temps, mais plut\u00f4t le cabotage et la construction navale, s\u2019orientant ensuite vers la navigation en haute mer sur des navires provenant d\u2019autres ports.<\/p>\n\n\n\n<div id=\"listado-cards-block_64941e60945ef\" class=\"listado-cards \">\n\n                    <div class=\"control-cards-grid horizontal-block\">\n                    \n                                                <div class=\"single-card\">\n                            <div class=\"image\">\n                                <a href=\"https:\/\/visitplentzia.eus\/fr\/que-voir\/patrimoine\/vieille-ville\/arche-de-santiago\/\">\n                                    <img loading=\"lazy\" decoding=\"async\" width=\"338\" height=\"480\" src=\"https:\/\/visitplentzia.eus\/wp-content\/uploads\/2023\/05\/arco-de-santiago-2-338x480-1.jpg\" class=\"attachment-full size-full\" alt=\"\" srcset=\"https:\/\/visitplentzia.eus\/wp-content\/uploads\/2023\/05\/arco-de-santiago-2-338x480-1.jpg 338w, https:\/\/visitplentzia.eus\/wp-content\/uploads\/2023\/05\/arco-de-santiago-2-338x480-1-211x300.jpg 211w\" sizes=\"auto, (max-width: 338px) 100vw, 338px\" \/>                                <\/a>\n                            <\/div>\n                            <div class=\"texto\">\n                                <p class=\"title\">\n                                    <a href=\"https:\/\/visitplentzia.eus\/fr\/que-voir\/patrimoine\/vieille-ville\/arche-de-santiago\/\">\n                                        Arche de Santiago                                    <\/a>\n                                <\/p>\n                                <div class=\"resumen\">\n                                    <p><span style=\"font-weight: 400;\">L\u2019arche de Santiago doit \u00eatre inscrit dans l\u2019ensemble historico-architectural qui constitue la vieille ville de Plentzia, en mettant l\u2019accent sur sa valeur historique.<\/span><\/p>\n                                <\/div>\n                                <div class=\"button-container\">\n                                    <p>\n                                        <a class=\"button\" href=\"https:\/\/visitplentzia.eus\/fr\/que-voir\/patrimoine\/vieille-ville\/arche-de-santiago\/\">Plus d&rsquo;informations<\/a>\n                                    <\/p>\n                                <\/div>\n                            <\/div>\n                        <\/div>\n                \n                    \n                                                <div class=\"single-card\">\n                            <div class=\"image\">\n                                <a href=\"https:\/\/visitplentzia.eus\/fr\/que-voir\/patrimoine\/vieille-ville\/eglise-de-santa-maria-magdalena\/\">\n                                    <img loading=\"lazy\" decoding=\"async\" width=\"480\" height=\"321\" src=\"https:\/\/visitplentzia.eus\/wp-content\/uploads\/2023\/05\/eleiz-enparantza-480x321-1-e1715153051212.jpg\" class=\"attachment-full size-full\" alt=\"\" \/>                                <\/a>\n                            <\/div>\n                            <div class=\"texto\">\n                                <p class=\"title\">\n                                    <a href=\"https:\/\/visitplentzia.eus\/fr\/que-voir\/patrimoine\/vieille-ville\/eglise-de-santa-maria-magdalena\/\">\n                                        \u00c9glise de Santa Mar\u00eda Magdalena                                    <\/a>\n                                <\/p>\n                                <div class=\"resumen\">\n                                    <p>Construite entre le XV<sup>e<\/sup> et le d\u00e9but du XVI<sup>e<\/sup>\u00a0si\u00e8cle, il s\u2019agit d\u2019une \u00e9glise gothique aust\u00e8re de type halle, avec un corps \u00e0 plan rectangulaire et trois nefs non vo\u00fbt\u00e9es s\u00e9par\u00e9es par des piliers.<\/p>\n                                <\/div>\n                                <div class=\"button-container\">\n                                    <p>\n                                        <a class=\"button\" href=\"https:\/\/visitplentzia.eus\/fr\/que-voir\/patrimoine\/vieille-ville\/eglise-de-santa-maria-magdalena\/\">Plus d&rsquo;informations<\/a>\n                                    <\/p>\n                                <\/div>\n                            <\/div>\n                        <\/div>\n                \n                    \n                                                <div class=\"single-card\">\n                            <div class=\"image\">\n                                <a href=\"https:\/\/visitplentzia.eus\/fr\/que-voir\/patrimoine\/vieille-ville\/maison-tour-de-torrebarri\/\">\n                                    <img loading=\"lazy\" decoding=\"async\" width=\"480\" height=\"319\" src=\"https:\/\/visitplentzia.eus\/wp-content\/uploads\/2023\/05\/escudo-480x319-1.jpg\" class=\"attachment-full size-full\" alt=\"\" srcset=\"https:\/\/visitplentzia.eus\/wp-content\/uploads\/2023\/05\/escudo-480x319-1.jpg 480w, https:\/\/visitplentzia.eus\/wp-content\/uploads\/2023\/05\/escudo-480x319-1-300x199.jpg 300w\" sizes=\"auto, (max-width: 480px) 100vw, 480px\" \/>                                <\/a>\n                            <\/div>\n                            <div class=\"texto\">\n                                <p class=\"title\">\n                                    <a href=\"https:\/\/visitplentzia.eus\/fr\/que-voir\/patrimoine\/vieille-ville\/maison-tour-de-torrebarri\/\">\n                                        Maison-Tour de Torrebarri                                    <\/a>\n                                <\/p>\n                                <div class=\"resumen\">\n                                    <p><span style=\"font-weight: 400;\">D\u00e9moli et transform\u00e9 en maison d\u2019habitation, il conserve encore quelques \u00e9l\u00e9ments stylistiques et d\u00e9coratifs.<\/span><\/p>\n                                <\/div>\n                                <div class=\"button-container\">\n                                    <p>\n                                        <a class=\"button\" href=\"https:\/\/visitplentzia.eus\/fr\/que-voir\/patrimoine\/vieille-ville\/maison-tour-de-torrebarri\/\">Plus d&rsquo;informations<\/a>\n                                    <\/p>\n                                <\/div>\n                            <\/div>\n                        <\/div>\n                \n                    \n                                                <div class=\"single-card\">\n                            <div class=\"image\">\n                                <a href=\"https:\/\/visitplentzia.eus\/fr\/que-voir\/patrimoine\/vieille-ville\/ancien-consistoire\/\">\n                                    <img loading=\"lazy\" decoding=\"async\" width=\"336\" height=\"480\" src=\"https:\/\/visitplentzia.eus\/wp-content\/uploads\/2023\/05\/antiguo-consistorio-336x480-1.jpg\" class=\"attachment-full size-full\" alt=\"\" srcset=\"https:\/\/visitplentzia.eus\/wp-content\/uploads\/2023\/05\/antiguo-consistorio-336x480-1.jpg 336w, https:\/\/visitplentzia.eus\/wp-content\/uploads\/2023\/05\/antiguo-consistorio-336x480-1-210x300.jpg 210w\" sizes=\"auto, (max-width: 336px) 100vw, 336px\" \/>                                <\/a>\n                            <\/div>\n                            <div class=\"texto\">\n                                <p class=\"title\">\n                                    <a href=\"https:\/\/visitplentzia.eus\/fr\/que-voir\/patrimoine\/vieille-ville\/ancien-consistoire\/\">\n                                        Ancien consistoire                                    <\/a>\n                                <\/p>\n                                <div class=\"resumen\">\n                                    <p><span style=\"font-weight: 400;\">Connu sous le nom de Torre\u00f3n, car la typologie du b\u00e2timent correspond \u00e0 celle d\u2019une maison-tour.Actuellement si\u00e8ge du mus\u00e9e Plasentia de Butr\u00f3n, d\u00e9di\u00e9 \u00e0 l\u2019histoire maritime de la villeet qui vise \u00e0 r\u00e9cup\u00e9rer et \u00e0 exposer diff\u00e9rents \u00e9l\u00e9ments de l\u2019histoire de Plentzia et de sa r\u00e9gion.<\/span><\/p>\n                                <\/div>\n                                <div class=\"button-container\">\n                                    <p>\n                                        <a class=\"button\" href=\"https:\/\/visitplentzia.eus\/fr\/que-voir\/patrimoine\/vieille-ville\/ancien-consistoire\/\">Plus d&rsquo;informations<\/a>\n                                    <\/p>\n                                <\/div>\n                            <\/div>\n                        <\/div>\n                \n                    \n                                                <div class=\"single-card\">\n                            <div class=\"image\">\n                                <a href=\"https:\/\/visitplentzia.eus\/fr\/que-voir\/patrimoine\/vieille-ville\/ferme-goni-portal\/\">\n                                    <img loading=\"lazy\" decoding=\"async\" width=\"768\" height=\"518\" src=\"https:\/\/visitplentzia.eus\/wp-content\/uploads\/2023\/05\/goni-portal3-768x518-1.jpg\" class=\"attachment-full size-full\" alt=\"\" srcset=\"https:\/\/visitplentzia.eus\/wp-content\/uploads\/2023\/05\/goni-portal3-768x518-1.jpg 768w, https:\/\/visitplentzia.eus\/wp-content\/uploads\/2023\/05\/goni-portal3-768x518-1-300x202.jpg 300w\" sizes=\"auto, (max-width: 768px) 100vw, 768px\" \/>                                <\/a>\n                            <\/div>\n                            <div class=\"texto\">\n                                <p class=\"title\">\n                                    <a href=\"https:\/\/visitplentzia.eus\/fr\/que-voir\/patrimoine\/vieille-ville\/ferme-goni-portal\/\">\n                                        Ferme Go\u00f1i Portal                                    <\/a>\n                                <\/p>\n                                <div class=\"resumen\">\n                                    <p><span style=\"font-weight: 400;\">Singuli\u00e8re construction de type rural ins\u00e9r\u00e9e dans la ville derri\u00e8re le chevet de l\u2019\u00e9glise paroissiale Santa Mar\u00eda Magdalena.<\/span><\/p>\n                                <\/div>\n                                <div class=\"button-container\">\n                                    <p>\n                                        <a class=\"button\" href=\"https:\/\/visitplentzia.eus\/fr\/que-voir\/patrimoine\/vieille-ville\/ferme-goni-portal\/\">Plus d&rsquo;informations<\/a>\n                                    <\/p>\n                                <\/div>\n                            <\/div>\n                        <\/div>\n                \n                    \n                                                <div class=\"single-card\">\n                            <div class=\"image\">\n                                <a href=\"https:\/\/visitplentzia.eus\/fr\/que-voir\/patrimoine\/vieille-ville\/chapelle-oratoire-du-santo-cristo\/\">\n                                    <img loading=\"lazy\" decoding=\"async\" width=\"360\" height=\"480\" src=\"https:\/\/visitplentzia.eus\/wp-content\/uploads\/2023\/05\/ermitacristo-2-360x480-1.jpg\" class=\"attachment-full size-full\" alt=\"\" srcset=\"https:\/\/visitplentzia.eus\/wp-content\/uploads\/2023\/05\/ermitacristo-2-360x480-1.jpg 360w, https:\/\/visitplentzia.eus\/wp-content\/uploads\/2023\/05\/ermitacristo-2-360x480-1-225x300.jpg 225w\" sizes=\"auto, (max-width: 360px) 100vw, 360px\" \/>                                <\/a>\n                            <\/div>\n                            <div class=\"texto\">\n                                <p class=\"title\">\n                                    <a href=\"https:\/\/visitplentzia.eus\/fr\/que-voir\/patrimoine\/vieille-ville\/chapelle-oratoire-du-santo-cristo\/\">\n                                        Chapelle oratoire du Santo Cristo                                    <\/a>\n                                <\/p>\n                                <div class=\"resumen\">\n                                    <p><span style=\"font-weight: 400;\">D\u2019un point de vue esth\u00e9tique, l\u2019\u00e9difice n\u2019offre gu\u00e8re d\u2019\u00e9l\u00e9ments d\u00e9coratifs de grand int\u00e9r\u00eat, hormis un petit campanile en guise de clocher et les trav\u00e9es feintes de sa partie frontale.<\/span><\/p>\n                                <\/div>\n                                <div class=\"button-container\">\n                                    <p>\n                                        <a class=\"button\" href=\"https:\/\/visitplentzia.eus\/fr\/que-voir\/patrimoine\/vieille-ville\/chapelle-oratoire-du-santo-cristo\/\">Plus d&rsquo;informations<\/a>\n                                    <\/p>\n                                <\/div>\n                            <\/div>\n                        <\/div>\n                \n                                    <\/div>\n            \n    \n\n\n\n    \n    \n<\/div>\n\n","protected":false},"excerpt":{"rendered":"<p>Le vieux quartier de Plentzia offre un ensemble h\u00e9t\u00e9roclite de constructions color\u00e9es o\u00f9 les vestiges d\u2019anciennes maisons de marins c\u00f4toient des b\u00e2timents historiques tels que l\u2019\u00e9glise, l\u2019actuel b\u00e2timent du mus\u00e9e (ancien h\u00f4tel de ville), l\u2019ancienne tour de la lign\u00e9e M\u00fajica-Butr\u00f3n \u2013 \u00e0 l\u2019angle des rues Udaletxe Aldapa et Eleiz Enparantza \u2013 et des demeures construites [&hellip;]<\/p>\n","protected":false},"author":1,"featured_media":5737,"parent":5731,"menu_order":0,"comment_status":"closed","ping_status":"closed","template":"page-templates\/page-que-ver.php","meta":{"_genesis_hide_title":false,"_genesis_hide_breadcrumbs":false,"_genesis_hide_singular_image":false,"_genesis_hide_footer_widgets":false,"_genesis_custom_body_class":"","_genesis_custom_post_class":"","_genesis_layout":"","footnotes":""},"class_list":{"0":"post-5736","1":"page","2":"type-page","3":"status-publish","4":"has-post-thumbnail","6":"entry"},"acf":[],"yoast_head":"<!-- This site is optimized with the Yoast SEO plugin v27.4 - https:\/\/yoast.com\/product\/yoast-seo-wordpress\/ -->\n<title>Centre historique de Plentzia<\/title>\n<meta name=\"description\" content=\"Toute visite de la commune de Plentzia n\u00e9cessite une promenade dans les rues \u00e9troites de sa vieille ville et dans ses lieux historiques.\" \/>\n<meta name=\"robots\" content=\"index, follow, max-snippet:-1, max-image-preview:large, max-video-preview:-1\" \/>\n<link rel=\"canonical\" href=\"https:\/\/visitplentzia.eus\/fr\/que-voir\/patrimoine\/vieille-ville\/\" \/>\n<meta property=\"og:locale\" content=\"fr_FR\" \/>\n<meta property=\"og:type\" content=\"article\" \/>\n<meta property=\"og:title\" content=\"Centre historique de Plentzia\" \/>\n<meta property=\"og:description\" content=\"Toute visite de la commune de Plentzia n\u00e9cessite une promenade dans les rues \u00e9troites de sa vieille ville et dans ses lieux historiques.\" \/>\n<meta property=\"og:url\" content=\"https:\/\/visitplentzia.eus\/fr\/que-voir\/patrimoine\/vieille-ville\/\" \/>\n<meta property=\"og:site_name\" content=\"Turismo Plentzia\" \/>\n<meta property=\"article:modified_time\" content=\"2024-02-29T12:15:51+00:00\" \/>\n<meta property=\"og:image\" content=\"https:\/\/visitplentzia.eus\/wp-content\/uploads\/2023\/05\/aldezaharra-2-683x1024-1-e1715153262963.jpg\" \/>\n\t<meta property=\"og:image:width\" content=\"683\" \/>\n\t<meta property=\"og:image:height\" content=\"1024\" \/>\n\t<meta property=\"og:image:type\" content=\"image\/jpeg\" \/>\n<meta name=\"twitter:card\" content=\"summary_large_image\" \/>\n<meta name=\"twitter:label1\" content=\"Dur\u00e9e de lecture estim\u00e9e\" \/>\n\t<meta name=\"twitter:data1\" content=\"3 minutes\" \/>\n<script type=\"application\/ld+json\" class=\"yoast-schema-graph\">{\"@context\":\"https:\\\/\\\/schema.org\",\"@graph\":[{\"@type\":\"WebPage\",\"@id\":\"https:\\\/\\\/visitplentzia.eus\\\/fr\\\/que-voir\\\/patrimoine\\\/vieille-ville\\\/\",\"url\":\"https:\\\/\\\/visitplentzia.eus\\\/fr\\\/que-voir\\\/patrimoine\\\/vieille-ville\\\/\",\"name\":\"Centre historique de Plentzia\",\"isPartOf\":{\"@id\":\"https:\\\/\\\/visitplentzia.eus\\\/fr\\\/#website\"},\"primaryImageOfPage\":{\"@id\":\"https:\\\/\\\/visitplentzia.eus\\\/fr\\\/que-voir\\\/patrimoine\\\/vieille-ville\\\/#primaryimage\"},\"image\":{\"@id\":\"https:\\\/\\\/visitplentzia.eus\\\/fr\\\/que-voir\\\/patrimoine\\\/vieille-ville\\\/#primaryimage\"},\"thumbnailUrl\":\"https:\\\/\\\/visitplentzia.eus\\\/wp-content\\\/uploads\\\/2023\\\/05\\\/aldezaharra-2-683x1024-1-e1715153262963.jpg\",\"datePublished\":\"2023-05-24T06:23:23+00:00\",\"dateModified\":\"2024-02-29T12:15:51+00:00\",\"description\":\"Toute visite de la commune de Plentzia n\u00e9cessite une promenade dans les rues \u00e9troites de sa vieille ville et dans ses lieux historiques.\",\"breadcrumb\":{\"@id\":\"https:\\\/\\\/visitplentzia.eus\\\/fr\\\/que-voir\\\/patrimoine\\\/vieille-ville\\\/#breadcrumb\"},\"inLanguage\":\"fr-FR\",\"potentialAction\":[{\"@type\":\"ReadAction\",\"target\":[\"https:\\\/\\\/visitplentzia.eus\\\/fr\\\/que-voir\\\/patrimoine\\\/vieille-ville\\\/\"]}]},{\"@type\":\"ImageObject\",\"inLanguage\":\"fr-FR\",\"@id\":\"https:\\\/\\\/visitplentzia.eus\\\/fr\\\/que-voir\\\/patrimoine\\\/vieille-ville\\\/#primaryimage\",\"url\":\"https:\\\/\\\/visitplentzia.eus\\\/wp-content\\\/uploads\\\/2023\\\/05\\\/aldezaharra-2-683x1024-1-e1715153262963.jpg\",\"contentUrl\":\"https:\\\/\\\/visitplentzia.eus\\\/wp-content\\\/uploads\\\/2023\\\/05\\\/aldezaharra-2-683x1024-1-e1715153262963.jpg\",\"width\":683,\"height\":1024},{\"@type\":\"BreadcrumbList\",\"@id\":\"https:\\\/\\\/visitplentzia.eus\\\/fr\\\/que-voir\\\/patrimoine\\\/vieille-ville\\\/#breadcrumb\",\"itemListElement\":[{\"@type\":\"ListItem\",\"position\":1,\"name\":\"Home\",\"item\":\"https:\\\/\\\/visitplentzia.eus\\\/fr\\\/\"},{\"@type\":\"ListItem\",\"position\":2,\"name\":\"Que voir\",\"item\":\"https:\\\/\\\/visitplentzia.eus\\\/fr\\\/que-voir\\\/\"},{\"@type\":\"ListItem\",\"position\":3,\"name\":\"Patrimoine\",\"item\":\"https:\\\/\\\/visitplentzia.eus\\\/fr\\\/que-voir\\\/patrimoine\\\/\"},{\"@type\":\"ListItem\",\"position\":4,\"name\":\"Vieille ville\"}]},{\"@type\":\"WebSite\",\"@id\":\"https:\\\/\\\/visitplentzia.eus\\\/fr\\\/#website\",\"url\":\"https:\\\/\\\/visitplentzia.eus\\\/fr\\\/\",\"name\":\"Turismo Plentzia\",\"description\":\"P\u00e1gina oficial de Turismo Plentzia. Visita su hermosa R\u00eda, su bella playa, su puerto y su pintoresco casco antiguo\",\"publisher\":{\"@id\":\"https:\\\/\\\/visitplentzia.eus\\\/fr\\\/#organization\"},\"alternateName\":\"Turismo Plentzia\",\"potentialAction\":[{\"@type\":\"SearchAction\",\"target\":{\"@type\":\"EntryPoint\",\"urlTemplate\":\"https:\\\/\\\/visitplentzia.eus\\\/fr\\\/?s={search_term_string}\"},\"query-input\":{\"@type\":\"PropertyValueSpecification\",\"valueRequired\":true,\"valueName\":\"search_term_string\"}}],\"inLanguage\":\"fr-FR\"},{\"@type\":\"Organization\",\"@id\":\"https:\\\/\\\/visitplentzia.eus\\\/fr\\\/#organization\",\"name\":\"Plentzia turismo\",\"url\":\"https:\\\/\\\/visitplentzia.eus\\\/fr\\\/\",\"logo\":{\"@type\":\"ImageObject\",\"inLanguage\":\"fr-FR\",\"@id\":\"https:\\\/\\\/visitplentzia.eus\\\/fr\\\/#\\\/schema\\\/logo\\\/image\\\/\",\"url\":\"https:\\\/\\\/visitplentzia.eus\\\/wp-content\\\/uploads\\\/2023\\\/04\\\/logo-plentzia.png\",\"contentUrl\":\"https:\\\/\\\/visitplentzia.eus\\\/wp-content\\\/uploads\\\/2023\\\/04\\\/logo-plentzia.png\",\"width\":130,\"height\":117,\"caption\":\"Plentzia turismo\"},\"image\":{\"@id\":\"https:\\\/\\\/visitplentzia.eus\\\/fr\\\/#\\\/schema\\\/logo\\\/image\\\/\"}}]}<\/script>\n<!-- \/ Yoast SEO plugin. -->","yoast_head_json":{"title":"Centre historique de Plentzia","description":"Toute visite de la commune de Plentzia n\u00e9cessite une promenade dans les rues \u00e9troites de sa vieille ville et dans ses lieux historiques.","robots":{"index":"index","follow":"follow","max-snippet":"max-snippet:-1","max-image-preview":"max-image-preview:large","max-video-preview":"max-video-preview:-1"},"canonical":"https:\/\/visitplentzia.eus\/fr\/que-voir\/patrimoine\/vieille-ville\/","og_locale":"fr_FR","og_type":"article","og_title":"Centre historique de Plentzia","og_description":"Toute visite de la commune de Plentzia n\u00e9cessite une promenade dans les rues \u00e9troites de sa vieille ville et dans ses lieux historiques.","og_url":"https:\/\/visitplentzia.eus\/fr\/que-voir\/patrimoine\/vieille-ville\/","og_site_name":"Turismo Plentzia","article_modified_time":"2024-02-29T12:15:51+00:00","og_image":[{"width":683,"height":1024,"url":"https:\/\/visitplentzia.eus\/wp-content\/uploads\/2023\/05\/aldezaharra-2-683x1024-1-e1715153262963.jpg","type":"image\/jpeg"}],"twitter_card":"summary_large_image","twitter_misc":{"Dur\u00e9e de lecture estim\u00e9e":"3 minutes"},"schema":{"@context":"https:\/\/schema.org","@graph":[{"@type":"WebPage","@id":"https:\/\/visitplentzia.eus\/fr\/que-voir\/patrimoine\/vieille-ville\/","url":"https:\/\/visitplentzia.eus\/fr\/que-voir\/patrimoine\/vieille-ville\/","name":"Centre historique de Plentzia","isPartOf":{"@id":"https:\/\/visitplentzia.eus\/fr\/#website"},"primaryImageOfPage":{"@id":"https:\/\/visitplentzia.eus\/fr\/que-voir\/patrimoine\/vieille-ville\/#primaryimage"},"image":{"@id":"https:\/\/visitplentzia.eus\/fr\/que-voir\/patrimoine\/vieille-ville\/#primaryimage"},"thumbnailUrl":"https:\/\/visitplentzia.eus\/wp-content\/uploads\/2023\/05\/aldezaharra-2-683x1024-1-e1715153262963.jpg","datePublished":"2023-05-24T06:23:23+00:00","dateModified":"2024-02-29T12:15:51+00:00","description":"Toute visite de la commune de Plentzia n\u00e9cessite une promenade dans les rues \u00e9troites de sa vieille ville et dans ses lieux historiques.","breadcrumb":{"@id":"https:\/\/visitplentzia.eus\/fr\/que-voir\/patrimoine\/vieille-ville\/#breadcrumb"},"inLanguage":"fr-FR","potentialAction":[{"@type":"ReadAction","target":["https:\/\/visitplentzia.eus\/fr\/que-voir\/patrimoine\/vieille-ville\/"]}]},{"@type":"ImageObject","inLanguage":"fr-FR","@id":"https:\/\/visitplentzia.eus\/fr\/que-voir\/patrimoine\/vieille-ville\/#primaryimage","url":"https:\/\/visitplentzia.eus\/wp-content\/uploads\/2023\/05\/aldezaharra-2-683x1024-1-e1715153262963.jpg","contentUrl":"https:\/\/visitplentzia.eus\/wp-content\/uploads\/2023\/05\/aldezaharra-2-683x1024-1-e1715153262963.jpg","width":683,"height":1024},{"@type":"BreadcrumbList","@id":"https:\/\/visitplentzia.eus\/fr\/que-voir\/patrimoine\/vieille-ville\/#breadcrumb","itemListElement":[{"@type":"ListItem","position":1,"name":"Home","item":"https:\/\/visitplentzia.eus\/fr\/"},{"@type":"ListItem","position":2,"name":"Que voir","item":"https:\/\/visitplentzia.eus\/fr\/que-voir\/"},{"@type":"ListItem","position":3,"name":"Patrimoine","item":"https:\/\/visitplentzia.eus\/fr\/que-voir\/patrimoine\/"},{"@type":"ListItem","position":4,"name":"Vieille ville"}]},{"@type":"WebSite","@id":"https:\/\/visitplentzia.eus\/fr\/#website","url":"https:\/\/visitplentzia.eus\/fr\/","name":"Turismo Plentzia","description":"P\u00e1gina oficial de Turismo Plentzia. Visita su hermosa R\u00eda, su bella playa, su puerto y su pintoresco casco antiguo","publisher":{"@id":"https:\/\/visitplentzia.eus\/fr\/#organization"},"alternateName":"Turismo Plentzia","potentialAction":[{"@type":"SearchAction","target":{"@type":"EntryPoint","urlTemplate":"https:\/\/visitplentzia.eus\/fr\/?s={search_term_string}"},"query-input":{"@type":"PropertyValueSpecification","valueRequired":true,"valueName":"search_term_string"}}],"inLanguage":"fr-FR"},{"@type":"Organization","@id":"https:\/\/visitplentzia.eus\/fr\/#organization","name":"Plentzia turismo","url":"https:\/\/visitplentzia.eus\/fr\/","logo":{"@type":"ImageObject","inLanguage":"fr-FR","@id":"https:\/\/visitplentzia.eus\/fr\/#\/schema\/logo\/image\/","url":"https:\/\/visitplentzia.eus\/wp-content\/uploads\/2023\/04\/logo-plentzia.png","contentUrl":"https:\/\/visitplentzia.eus\/wp-content\/uploads\/2023\/04\/logo-plentzia.png","width":130,"height":117,"caption":"Plentzia turismo"},"image":{"@id":"https:\/\/visitplentzia.eus\/fr\/#\/schema\/logo\/image\/"}}]}},"featured_image_src":"https:\/\/visitplentzia.eus\/wp-content\/uploads\/2023\/05\/aldezaharra-2-683x1024-1-e1715153262963.jpg","featured_image_src_square":"https:\/\/visitplentzia.eus\/wp-content\/uploads\/2023\/05\/aldezaharra-2-683x1024-1-e1715153262963.jpg","publishpress_future_workflow_manual_trigger":{"enabledWorkflows":[]},"_links":{"self":[{"href":"https:\/\/visitplentzia.eus\/fr\/wp-json\/wp\/v2\/pages\/5736","targetHints":{"allow":["GET"]}}],"collection":[{"href":"https:\/\/visitplentzia.eus\/fr\/wp-json\/wp\/v2\/pages"}],"about":[{"href":"https:\/\/visitplentzia.eus\/fr\/wp-json\/wp\/v2\/types\/page"}],"author":[{"embeddable":true,"href":"https:\/\/visitplentzia.eus\/fr\/wp-json\/wp\/v2\/users\/1"}],"replies":[{"embeddable":true,"href":"https:\/\/visitplentzia.eus\/fr\/wp-json\/wp\/v2\/comments?post=5736"}],"version-history":[{"count":5,"href":"https:\/\/visitplentzia.eus\/fr\/wp-json\/wp\/v2\/pages\/5736\/revisions"}],"predecessor-version":[{"id":6212,"href":"https:\/\/visitplentzia.eus\/fr\/wp-json\/wp\/v2\/pages\/5736\/revisions\/6212"}],"up":[{"embeddable":true,"href":"https:\/\/visitplentzia.eus\/fr\/wp-json\/wp\/v2\/pages\/5731"}],"wp:featuredmedia":[{"embeddable":true,"href":"https:\/\/visitplentzia.eus\/fr\/wp-json\/wp\/v2\/media\/5737"}],"wp:attachment":[{"href":"https:\/\/visitplentzia.eus\/fr\/wp-json\/wp\/v2\/media?parent=5736"}],"curies":[{"name":"wp","href":"https:\/\/api.w.org\/{rel}","templated":true}]}}