{"id":5768,"date":"2023-05-24T08:58:52","date_gmt":"2023-05-24T06:58:52","guid":{"rendered":"https:\/\/darkslategrey-ape-696608.hostingersite.com\/que-voir\/patrimoine\/vieille-ville\/ermita-humilladero-de-santo-cristo-del-amparo\/"},"modified":"2024-05-21T16:59:10","modified_gmt":"2024-05-21T14:59:10","slug":"chapelle-oratoire-du-santo-cristo","status":"publish","type":"page","link":"https:\/\/visitplentzia.eus\/fr\/que-voir\/patrimoine\/vieille-ville\/chapelle-oratoire-du-santo-cristo\/","title":{"rendered":"Chapelle oratoire du Santo Cristo"},"content":{"rendered":"\n<div class=\"wp-block-columns is-layout-flex wp-container-core-columns-is-layout-9d6595d7 wp-block-columns-is-layout-flex\">\n<div class=\"wp-block-column is-layout-flow wp-block-column-is-layout-flow\">\n<figure class=\"wp-block-image size-full\"><img loading=\"lazy\" decoding=\"async\" width=\"360\" height=\"480\" src=\"http:\/\/visitplentzia.eus\/wp-content\/uploads\/2023\/05\/ermitacristo-2-360x480-1.jpg\" alt=\"\" class=\"wp-image-267\" srcset=\"https:\/\/visitplentzia.eus\/wp-content\/uploads\/2023\/05\/ermitacristo-2-360x480-1.jpg 360w, https:\/\/visitplentzia.eus\/wp-content\/uploads\/2023\/05\/ermitacristo-2-360x480-1-225x300.jpg 225w\" sizes=\"auto, (max-width: 360px) 100vw, 360px\" \/><\/figure>\n<\/div>\n\n\n\n<div class=\"wp-block-column is-layout-flow wp-block-column-is-layout-flow\">\n<p>D\u2019un point de vue architectural, la construction pr\u00e9sente un plan rectangulaire distribu\u00e9 en une seule nef \u00e0 ch\u0153ur, \u00e9clair\u00e9e par trois trav\u00e9es circulaires. L\u2019entablement m\u00e9tallique qui prot\u00e9geait la porte d\u2019entr\u00e9e \u00e0 linteau a disparu et on acc\u00e8de \u00e0 cette derni\u00e8re par un perron. La ma\u00e7onnerie est en pierre enduite blanchie \u00e0 la chaux et le pignon de la fa\u00e7ade principale est couronn\u00e9 d\u2019un campanile \u00e0 une trav\u00e9e abritant une cloche, le tout surmont\u00e9 d\u2019une toiture \u00e0 deux pans.<\/p>\n\n\n\n<p>L\u2019\u00e9difice originaire fut transform\u00e9 en 1906 sur les plans du ma\u00eetre d\u2019oeuvre Jos\u00e9 Bilbao Lopategui, qui les dirigea et ex\u00e9cut\u00e9 par l\u2019entrepreneur de la r\u00e9gion Mart\u00edn Gonz\u00e1lez de Durana.<\/p>\n\n\n\n<p>L\u2019\u00e9difice est b\u00e2ti \u00e0 l\u2019emplacement d\u2019un ancien calvaire, construction religieuse m\u00e9di\u00e9vale \u00e9rig\u00e9e dans les communes et \u00e0 leur p\u00e9riph\u00e9rie, bien souvent \u00e0 l\u2019entr\u00e9e des villages et aux crois\u00e9es des chemins, pour permettre aux voyageurs de disposer d\u2019un lieu de d\u00e9votion pour leurs pri\u00e8res. S\u2019agissant au d\u00e9part d\u2019ouvrages simples constitu\u00e9s d\u2019un pi\u00e9destal surmont\u00e9 d\u2019une croix ou d\u2019une image.<\/p>\n<\/div>\n<\/div>\n\n\n\n<p>Ces constructions \u00e9voluent au fil du temps pour donner naissance \u00e0 des b\u00e2timents couverts qui deviennent progressivement des ermitages ou des calvaires, plus fr\u00e9quents dans la r\u00e9gion, semblables \u00e0 ceux de Fruiz, Arrieta ou Fika. Dans certains cas, ces constructions servaient \u00e9galement de lieux de veill\u00e9e fun\u00e8bre, car la tradition populaire exigeait que les d\u00e9funts reposent expos\u00e9s au public avant leur enterrement d\u00e9finitif.<\/p>\n\n\n\n<iframe src=\"https:\/\/www.google.com\/maps\/embed?pb=!1m14!1m8!1m3!1d362.3377586977361!2d-2.9461825!3d43.4041562!3m2!1i1024!2i768!4f13.1!3m3!1m2!1s0xd4e5d7dd2538211%3A0xc5a79f88abf999fe!2sErmita%20humilladero%20del%20Santo%20Cristo!5e0!3m2!1ses!2ses!4v1684918772048!5m2!1ses!2ses\" width=\"1000\" height=\"400\" style=\"border:0;\" allowfullscreen=\"\" loading=\"lazy\" referrerpolicy=\"no-referrer-when-downgrade\"><\/iframe>\n","protected":false},"excerpt":{"rendered":"<p>D\u2019un point de vue architectural, la construction pr\u00e9sente un plan rectangulaire distribu\u00e9 en une seule nef \u00e0 ch\u0153ur, \u00e9clair\u00e9e par trois trav\u00e9es circulaires. L\u2019entablement m\u00e9tallique qui prot\u00e9geait la porte d\u2019entr\u00e9e \u00e0 linteau a disparu et on acc\u00e8de \u00e0 cette derni\u00e8re par un perron. La ma\u00e7onnerie est en pierre enduite blanchie \u00e0 la chaux et le [&hellip;]<\/p>\n","protected":false},"author":1,"featured_media":5769,"parent":5736,"menu_order":0,"comment_status":"closed","ping_status":"closed","template":"page-templates\/page-que-ver.php","meta":{"_genesis_hide_title":false,"_genesis_hide_breadcrumbs":false,"_genesis_hide_singular_image":false,"_genesis_hide_footer_widgets":false,"_genesis_custom_body_class":"","_genesis_custom_post_class":"","_genesis_layout":"","footnotes":""},"class_list":{"0":"post-5768","1":"page","2":"type-page","3":"status-publish","4":"has-post-thumbnail","6":"entry"},"acf":[],"yoast_head":"<!-- This site is optimized with the Yoast SEO plugin v27.4 - https:\/\/yoast.com\/product\/yoast-seo-wordpress\/ -->\n<title>Ermitage Humilladero de Santo Cristo del Amparo de Plentzia<\/title>\n<meta name=\"description\" content=\"L&#039;Ermitage Humilladero de Santo Cristo del Amparo de Plentzia, du point de vue architectural, a un plan rectangulaire.\" \/>\n<meta name=\"robots\" content=\"index, follow, max-snippet:-1, max-image-preview:large, max-video-preview:-1\" \/>\n<link rel=\"canonical\" href=\"https:\/\/visitplentzia.eus\/fr\/que-voir\/patrimoine\/vieille-ville\/chapelle-oratoire-du-santo-cristo\/\" \/>\n<meta property=\"og:locale\" content=\"fr_FR\" \/>\n<meta property=\"og:type\" content=\"article\" \/>\n<meta property=\"og:title\" content=\"Ermitage Humilladero de Santo Cristo del Amparo de Plentzia\" \/>\n<meta property=\"og:description\" content=\"L&#039;Ermitage Humilladero de Santo Cristo del Amparo de Plentzia, du point de vue architectural, a un plan rectangulaire.\" \/>\n<meta property=\"og:url\" content=\"https:\/\/visitplentzia.eus\/fr\/que-voir\/patrimoine\/vieille-ville\/chapelle-oratoire-du-santo-cristo\/\" \/>\n<meta property=\"og:site_name\" content=\"Turismo Plentzia\" \/>\n<meta property=\"article:modified_time\" content=\"2024-05-21T14:59:10+00:00\" \/>\n<meta property=\"og:image\" content=\"https:\/\/visitplentzia.eus\/wp-content\/uploads\/2023\/05\/ermitacristo-2-360x480-1.jpg\" \/>\n\t<meta property=\"og:image:width\" content=\"360\" \/>\n\t<meta property=\"og:image:height\" content=\"480\" \/>\n\t<meta property=\"og:image:type\" content=\"image\/jpeg\" \/>\n<meta name=\"twitter:card\" content=\"summary_large_image\" \/>\n<meta name=\"twitter:label1\" content=\"Dur\u00e9e de lecture estim\u00e9e\" \/>\n\t<meta name=\"twitter:data1\" content=\"2 minutes\" \/>\n<script type=\"application\/ld+json\" class=\"yoast-schema-graph\">{\"@context\":\"https:\\\/\\\/schema.org\",\"@graph\":[{\"@type\":\"WebPage\",\"@id\":\"https:\\\/\\\/visitplentzia.eus\\\/fr\\\/que-voir\\\/patrimoine\\\/vieille-ville\\\/chapelle-oratoire-du-santo-cristo\\\/\",\"url\":\"https:\\\/\\\/visitplentzia.eus\\\/fr\\\/que-voir\\\/patrimoine\\\/vieille-ville\\\/chapelle-oratoire-du-santo-cristo\\\/\",\"name\":\"Ermitage Humilladero de Santo Cristo del Amparo de Plentzia\",\"isPartOf\":{\"@id\":\"https:\\\/\\\/visitplentzia.eus\\\/fr\\\/#website\"},\"primaryImageOfPage\":{\"@id\":\"https:\\\/\\\/visitplentzia.eus\\\/fr\\\/que-voir\\\/patrimoine\\\/vieille-ville\\\/chapelle-oratoire-du-santo-cristo\\\/#primaryimage\"},\"image\":{\"@id\":\"https:\\\/\\\/visitplentzia.eus\\\/fr\\\/que-voir\\\/patrimoine\\\/vieille-ville\\\/chapelle-oratoire-du-santo-cristo\\\/#primaryimage\"},\"thumbnailUrl\":\"https:\\\/\\\/visitplentzia.eus\\\/wp-content\\\/uploads\\\/2023\\\/05\\\/ermitacristo-2-360x480-1.jpg\",\"datePublished\":\"2023-05-24T06:58:52+00:00\",\"dateModified\":\"2024-05-21T14:59:10+00:00\",\"description\":\"L'Ermitage Humilladero de Santo Cristo del Amparo de Plentzia, du point de vue architectural, a un plan rectangulaire.\",\"breadcrumb\":{\"@id\":\"https:\\\/\\\/visitplentzia.eus\\\/fr\\\/que-voir\\\/patrimoine\\\/vieille-ville\\\/chapelle-oratoire-du-santo-cristo\\\/#breadcrumb\"},\"inLanguage\":\"fr-FR\",\"potentialAction\":[{\"@type\":\"ReadAction\",\"target\":[\"https:\\\/\\\/visitplentzia.eus\\\/fr\\\/que-voir\\\/patrimoine\\\/vieille-ville\\\/chapelle-oratoire-du-santo-cristo\\\/\"]}]},{\"@type\":\"ImageObject\",\"inLanguage\":\"fr-FR\",\"@id\":\"https:\\\/\\\/visitplentzia.eus\\\/fr\\\/que-voir\\\/patrimoine\\\/vieille-ville\\\/chapelle-oratoire-du-santo-cristo\\\/#primaryimage\",\"url\":\"https:\\\/\\\/visitplentzia.eus\\\/wp-content\\\/uploads\\\/2023\\\/05\\\/ermitacristo-2-360x480-1.jpg\",\"contentUrl\":\"https:\\\/\\\/visitplentzia.eus\\\/wp-content\\\/uploads\\\/2023\\\/05\\\/ermitacristo-2-360x480-1.jpg\",\"width\":360,\"height\":480},{\"@type\":\"BreadcrumbList\",\"@id\":\"https:\\\/\\\/visitplentzia.eus\\\/fr\\\/que-voir\\\/patrimoine\\\/vieille-ville\\\/chapelle-oratoire-du-santo-cristo\\\/#breadcrumb\",\"itemListElement\":[{\"@type\":\"ListItem\",\"position\":1,\"name\":\"Home\",\"item\":\"https:\\\/\\\/visitplentzia.eus\\\/fr\\\/\"},{\"@type\":\"ListItem\",\"position\":2,\"name\":\"Que voir\",\"item\":\"https:\\\/\\\/visitplentzia.eus\\\/fr\\\/que-voir\\\/\"},{\"@type\":\"ListItem\",\"position\":3,\"name\":\"Patrimoine\",\"item\":\"https:\\\/\\\/visitplentzia.eus\\\/fr\\\/que-voir\\\/patrimoine\\\/\"},{\"@type\":\"ListItem\",\"position\":4,\"name\":\"Vieille ville\",\"item\":\"https:\\\/\\\/visitplentzia.eus\\\/fr\\\/que-voir\\\/patrimoine\\\/vieille-ville\\\/\"},{\"@type\":\"ListItem\",\"position\":5,\"name\":\"Chapelle oratoire du Santo Cristo\"}]},{\"@type\":\"WebSite\",\"@id\":\"https:\\\/\\\/visitplentzia.eus\\\/fr\\\/#website\",\"url\":\"https:\\\/\\\/visitplentzia.eus\\\/fr\\\/\",\"name\":\"Turismo Plentzia\",\"description\":\"P\u00e1gina oficial de Turismo Plentzia. Visita su hermosa R\u00eda, su bella playa, su puerto y su pintoresco casco antiguo\",\"publisher\":{\"@id\":\"https:\\\/\\\/visitplentzia.eus\\\/fr\\\/#organization\"},\"alternateName\":\"Turismo Plentzia\",\"potentialAction\":[{\"@type\":\"SearchAction\",\"target\":{\"@type\":\"EntryPoint\",\"urlTemplate\":\"https:\\\/\\\/visitplentzia.eus\\\/fr\\\/?s={search_term_string}\"},\"query-input\":{\"@type\":\"PropertyValueSpecification\",\"valueRequired\":true,\"valueName\":\"search_term_string\"}}],\"inLanguage\":\"fr-FR\"},{\"@type\":\"Organization\",\"@id\":\"https:\\\/\\\/visitplentzia.eus\\\/fr\\\/#organization\",\"name\":\"Plentzia turismo\",\"url\":\"https:\\\/\\\/visitplentzia.eus\\\/fr\\\/\",\"logo\":{\"@type\":\"ImageObject\",\"inLanguage\":\"fr-FR\",\"@id\":\"https:\\\/\\\/visitplentzia.eus\\\/fr\\\/#\\\/schema\\\/logo\\\/image\\\/\",\"url\":\"https:\\\/\\\/visitplentzia.eus\\\/wp-content\\\/uploads\\\/2023\\\/04\\\/logo-plentzia.png\",\"contentUrl\":\"https:\\\/\\\/visitplentzia.eus\\\/wp-content\\\/uploads\\\/2023\\\/04\\\/logo-plentzia.png\",\"width\":130,\"height\":117,\"caption\":\"Plentzia turismo\"},\"image\":{\"@id\":\"https:\\\/\\\/visitplentzia.eus\\\/fr\\\/#\\\/schema\\\/logo\\\/image\\\/\"}}]}<\/script>\n<!-- \/ Yoast SEO plugin. -->","yoast_head_json":{"title":"Ermitage Humilladero de Santo Cristo del Amparo de Plentzia","description":"L'Ermitage Humilladero de Santo Cristo del Amparo de Plentzia, du point de vue architectural, a un plan rectangulaire.","robots":{"index":"index","follow":"follow","max-snippet":"max-snippet:-1","max-image-preview":"max-image-preview:large","max-video-preview":"max-video-preview:-1"},"canonical":"https:\/\/visitplentzia.eus\/fr\/que-voir\/patrimoine\/vieille-ville\/chapelle-oratoire-du-santo-cristo\/","og_locale":"fr_FR","og_type":"article","og_title":"Ermitage Humilladero de Santo Cristo del Amparo de Plentzia","og_description":"L'Ermitage Humilladero de Santo Cristo del Amparo de Plentzia, du point de vue architectural, a un plan rectangulaire.","og_url":"https:\/\/visitplentzia.eus\/fr\/que-voir\/patrimoine\/vieille-ville\/chapelle-oratoire-du-santo-cristo\/","og_site_name":"Turismo Plentzia","article_modified_time":"2024-05-21T14:59:10+00:00","og_image":[{"width":360,"height":480,"url":"https:\/\/visitplentzia.eus\/wp-content\/uploads\/2023\/05\/ermitacristo-2-360x480-1.jpg","type":"image\/jpeg"}],"twitter_card":"summary_large_image","twitter_misc":{"Dur\u00e9e de lecture estim\u00e9e":"2 minutes"},"schema":{"@context":"https:\/\/schema.org","@graph":[{"@type":"WebPage","@id":"https:\/\/visitplentzia.eus\/fr\/que-voir\/patrimoine\/vieille-ville\/chapelle-oratoire-du-santo-cristo\/","url":"https:\/\/visitplentzia.eus\/fr\/que-voir\/patrimoine\/vieille-ville\/chapelle-oratoire-du-santo-cristo\/","name":"Ermitage Humilladero de Santo Cristo del Amparo de Plentzia","isPartOf":{"@id":"https:\/\/visitplentzia.eus\/fr\/#website"},"primaryImageOfPage":{"@id":"https:\/\/visitplentzia.eus\/fr\/que-voir\/patrimoine\/vieille-ville\/chapelle-oratoire-du-santo-cristo\/#primaryimage"},"image":{"@id":"https:\/\/visitplentzia.eus\/fr\/que-voir\/patrimoine\/vieille-ville\/chapelle-oratoire-du-santo-cristo\/#primaryimage"},"thumbnailUrl":"https:\/\/visitplentzia.eus\/wp-content\/uploads\/2023\/05\/ermitacristo-2-360x480-1.jpg","datePublished":"2023-05-24T06:58:52+00:00","dateModified":"2024-05-21T14:59:10+00:00","description":"L'Ermitage Humilladero de Santo Cristo del Amparo de Plentzia, du point de vue architectural, a un plan rectangulaire.","breadcrumb":{"@id":"https:\/\/visitplentzia.eus\/fr\/que-voir\/patrimoine\/vieille-ville\/chapelle-oratoire-du-santo-cristo\/#breadcrumb"},"inLanguage":"fr-FR","potentialAction":[{"@type":"ReadAction","target":["https:\/\/visitplentzia.eus\/fr\/que-voir\/patrimoine\/vieille-ville\/chapelle-oratoire-du-santo-cristo\/"]}]},{"@type":"ImageObject","inLanguage":"fr-FR","@id":"https:\/\/visitplentzia.eus\/fr\/que-voir\/patrimoine\/vieille-ville\/chapelle-oratoire-du-santo-cristo\/#primaryimage","url":"https:\/\/visitplentzia.eus\/wp-content\/uploads\/2023\/05\/ermitacristo-2-360x480-1.jpg","contentUrl":"https:\/\/visitplentzia.eus\/wp-content\/uploads\/2023\/05\/ermitacristo-2-360x480-1.jpg","width":360,"height":480},{"@type":"BreadcrumbList","@id":"https:\/\/visitplentzia.eus\/fr\/que-voir\/patrimoine\/vieille-ville\/chapelle-oratoire-du-santo-cristo\/#breadcrumb","itemListElement":[{"@type":"ListItem","position":1,"name":"Home","item":"https:\/\/visitplentzia.eus\/fr\/"},{"@type":"ListItem","position":2,"name":"Que voir","item":"https:\/\/visitplentzia.eus\/fr\/que-voir\/"},{"@type":"ListItem","position":3,"name":"Patrimoine","item":"https:\/\/visitplentzia.eus\/fr\/que-voir\/patrimoine\/"},{"@type":"ListItem","position":4,"name":"Vieille ville","item":"https:\/\/visitplentzia.eus\/fr\/que-voir\/patrimoine\/vieille-ville\/"},{"@type":"ListItem","position":5,"name":"Chapelle oratoire du Santo Cristo"}]},{"@type":"WebSite","@id":"https:\/\/visitplentzia.eus\/fr\/#website","url":"https:\/\/visitplentzia.eus\/fr\/","name":"Turismo Plentzia","description":"P\u00e1gina oficial de Turismo Plentzia. Visita su hermosa R\u00eda, su bella playa, su puerto y su pintoresco casco antiguo","publisher":{"@id":"https:\/\/visitplentzia.eus\/fr\/#organization"},"alternateName":"Turismo Plentzia","potentialAction":[{"@type":"SearchAction","target":{"@type":"EntryPoint","urlTemplate":"https:\/\/visitplentzia.eus\/fr\/?s={search_term_string}"},"query-input":{"@type":"PropertyValueSpecification","valueRequired":true,"valueName":"search_term_string"}}],"inLanguage":"fr-FR"},{"@type":"Organization","@id":"https:\/\/visitplentzia.eus\/fr\/#organization","name":"Plentzia turismo","url":"https:\/\/visitplentzia.eus\/fr\/","logo":{"@type":"ImageObject","inLanguage":"fr-FR","@id":"https:\/\/visitplentzia.eus\/fr\/#\/schema\/logo\/image\/","url":"https:\/\/visitplentzia.eus\/wp-content\/uploads\/2023\/04\/logo-plentzia.png","contentUrl":"https:\/\/visitplentzia.eus\/wp-content\/uploads\/2023\/04\/logo-plentzia.png","width":130,"height":117,"caption":"Plentzia turismo"},"image":{"@id":"https:\/\/visitplentzia.eus\/fr\/#\/schema\/logo\/image\/"}}]}},"featured_image_src":"https:\/\/visitplentzia.eus\/wp-content\/uploads\/2023\/05\/ermitacristo-2-360x480-1.jpg","featured_image_src_square":"https:\/\/visitplentzia.eus\/wp-content\/uploads\/2023\/05\/ermitacristo-2-360x480-1.jpg","publishpress_future_workflow_manual_trigger":{"enabledWorkflows":[]},"_links":{"self":[{"href":"https:\/\/visitplentzia.eus\/fr\/wp-json\/wp\/v2\/pages\/5768","targetHints":{"allow":["GET"]}}],"collection":[{"href":"https:\/\/visitplentzia.eus\/fr\/wp-json\/wp\/v2\/pages"}],"about":[{"href":"https:\/\/visitplentzia.eus\/fr\/wp-json\/wp\/v2\/types\/page"}],"author":[{"embeddable":true,"href":"https:\/\/visitplentzia.eus\/fr\/wp-json\/wp\/v2\/users\/1"}],"replies":[{"embeddable":true,"href":"https:\/\/visitplentzia.eus\/fr\/wp-json\/wp\/v2\/comments?post=5768"}],"version-history":[{"count":4,"href":"https:\/\/visitplentzia.eus\/fr\/wp-json\/wp\/v2\/pages\/5768\/revisions"}],"predecessor-version":[{"id":6903,"href":"https:\/\/visitplentzia.eus\/fr\/wp-json\/wp\/v2\/pages\/5768\/revisions\/6903"}],"up":[{"embeddable":true,"href":"https:\/\/visitplentzia.eus\/fr\/wp-json\/wp\/v2\/pages\/5736"}],"wp:featuredmedia":[{"embeddable":true,"href":"https:\/\/visitplentzia.eus\/fr\/wp-json\/wp\/v2\/media\/5769"}],"wp:attachment":[{"href":"https:\/\/visitplentzia.eus\/fr\/wp-json\/wp\/v2\/media?parent=5768"}],"curies":[{"name":"wp","href":"https:\/\/api.w.org\/{rel}","templated":true}]}}