{"id":6997,"date":"2024-06-04T12:54:51","date_gmt":"2024-06-04T10:54:51","guid":{"rendered":"https:\/\/darkslategrey-ape-696608.hostingersite.com\/?page_id=6997"},"modified":"2024-06-16T14:13:00","modified_gmt":"2024-06-16T12:13:00","slug":"saratxaga","status":"publish","type":"page","link":"https:\/\/visitplentzia.eus\/fr\/saratxaga\/","title":{"rendered":"SARATXAGA"},"content":{"rendered":"\n<div class=\"wp-block-columns is-layout-flex wp-container-core-columns-is-layout-9d6595d7 wp-block-columns-is-layout-flex\">\n<div class=\"wp-block-column is-layout-flow wp-block-column-is-layout-flow\">\n<p>Pour la d\u00e9couvrir, il suffit de se rendre dans le quartier de Saratxaga par un magnifique sentier qui surplombe l\u2019estuaire. Cette partie de la ville est \u00e9galement occup\u00e9e par d\u2019anciennes maisons rurales, connues sous le nom de <em>baserris<\/em> (ferme basque). <\/p>\n\n\n\n<p>L\u2019esp\u00e8ce pr\u00e9dominante de ces for\u00eats est le ch\u00eane vert (<em>Quercus ilex<\/em>). Il ne s\u2019agit l\u00e0 que d\u2019un petit exemple des ch\u00eanaies qui s\u2019\u00e9tendent le long du golfe de Gascogne. D\u2019ordinaire, ces for\u00eats denses et sombres sont peupl\u00e9es de ch\u00eanes de hauteur moyenne aux branches tordues et pr\u00e9sents en forte densit\u00e9.<\/p>\n\n\n\n<p>La faune de ces for\u00eats est en partie constitu\u00e9e d\u2019oiseaux comme le rouge-gorge (<em>Erithacus rubecula<\/em>), le chardonneret \u00e9l\u00e9gant (<em>Carduelis carduelis<\/em>) et l\u2019effraie des clochers (<em>Tyto alba<\/em>), sans oublier la pr\u00e9sence de mammif\u00e8res comme le h\u00e9risson.<\/p>\n<\/div>\n<\/div>\n\n\n\n<figure class=\"wp-block-gallery has-nested-images columns-default is-cropped wp-block-gallery-1 is-layout-flex wp-block-gallery-is-layout-flex\">\n<figure class=\"wp-block-image size-large\"><img loading=\"lazy\" decoding=\"async\" width=\"1024\" height=\"768\" data-id=\"6939\" src=\"http:\/\/visitplentzia.eus\/wp-content\/uploads\/2024\/05\/WhatsApp-Image-2022-03-14-at-12.08.34-1024x768.jpeg\" alt=\"\" class=\"wp-image-6939\" srcset=\"https:\/\/visitplentzia.eus\/wp-content\/uploads\/2024\/05\/WhatsApp-Image-2022-03-14-at-12.08.34-1024x768.jpeg 1024w, https:\/\/visitplentzia.eus\/wp-content\/uploads\/2024\/05\/WhatsApp-Image-2022-03-14-at-12.08.34-300x225.jpeg 300w, https:\/\/visitplentzia.eus\/wp-content\/uploads\/2024\/05\/WhatsApp-Image-2022-03-14-at-12.08.34-768x576.jpeg 768w, https:\/\/visitplentzia.eus\/wp-content\/uploads\/2024\/05\/WhatsApp-Image-2022-03-14-at-12.08.34-1536x1152.jpeg 1536w, https:\/\/visitplentzia.eus\/wp-content\/uploads\/2024\/05\/WhatsApp-Image-2022-03-14-at-12.08.34-702x526.jpeg 702w, https:\/\/visitplentzia.eus\/wp-content\/uploads\/2024\/05\/WhatsApp-Image-2022-03-14-at-12.08.34.jpeg 2000w\" sizes=\"auto, (max-width: 1024px) 100vw, 1024px\" \/><\/figure>\n\n\n\n<figure class=\"wp-block-image size-large\"><img loading=\"lazy\" decoding=\"async\" width=\"1024\" height=\"768\" data-id=\"6948\" src=\"http:\/\/visitplentzia.eus\/wp-content\/uploads\/2024\/05\/WhatsApp-Image-2022-03-14-at-12.08.381-1024x768.jpeg\" alt=\"\" class=\"wp-image-6948\" srcset=\"https:\/\/visitplentzia.eus\/wp-content\/uploads\/2024\/05\/WhatsApp-Image-2022-03-14-at-12.08.381-1024x768.jpeg 1024w, https:\/\/visitplentzia.eus\/wp-content\/uploads\/2024\/05\/WhatsApp-Image-2022-03-14-at-12.08.381-300x225.jpeg 300w, https:\/\/visitplentzia.eus\/wp-content\/uploads\/2024\/05\/WhatsApp-Image-2022-03-14-at-12.08.381-768x576.jpeg 768w, https:\/\/visitplentzia.eus\/wp-content\/uploads\/2024\/05\/WhatsApp-Image-2022-03-14-at-12.08.381-1536x1152.jpeg 1536w, https:\/\/visitplentzia.eus\/wp-content\/uploads\/2024\/05\/WhatsApp-Image-2022-03-14-at-12.08.381-702x526.jpeg 702w, https:\/\/visitplentzia.eus\/wp-content\/uploads\/2024\/05\/WhatsApp-Image-2022-03-14-at-12.08.381.jpeg 2000w\" sizes=\"auto, (max-width: 1024px) 100vw, 1024px\" \/><\/figure>\n\n\n\n<figure class=\"wp-block-image size-large\"><img loading=\"lazy\" decoding=\"async\" width=\"1024\" height=\"768\" data-id=\"6952\" src=\"http:\/\/visitplentzia.eus\/wp-content\/uploads\/2024\/05\/WhatsApp-Image-2022-03-14-at-12.08.332-1024x768.jpeg\" alt=\"\" class=\"wp-image-6952\" srcset=\"https:\/\/visitplentzia.eus\/wp-content\/uploads\/2024\/05\/WhatsApp-Image-2022-03-14-at-12.08.332-1024x768.jpeg 1024w, https:\/\/visitplentzia.eus\/wp-content\/uploads\/2024\/05\/WhatsApp-Image-2022-03-14-at-12.08.332-300x225.jpeg 300w, https:\/\/visitplentzia.eus\/wp-content\/uploads\/2024\/05\/WhatsApp-Image-2022-03-14-at-12.08.332-768x576.jpeg 768w, https:\/\/visitplentzia.eus\/wp-content\/uploads\/2024\/05\/WhatsApp-Image-2022-03-14-at-12.08.332-1536x1152.jpeg 1536w, https:\/\/visitplentzia.eus\/wp-content\/uploads\/2024\/05\/WhatsApp-Image-2022-03-14-at-12.08.332-702x526.jpeg 702w, https:\/\/visitplentzia.eus\/wp-content\/uploads\/2024\/05\/WhatsApp-Image-2022-03-14-at-12.08.332.jpeg 2000w\" sizes=\"auto, (max-width: 1024px) 100vw, 1024px\" \/><\/figure>\n<\/figure>\n\n\n\n<h2 class=\"wp-block-heading\"><\/h2>\n\n\n\n<iframe src=\"https:\/\/www.google.com\/maps\/embed?pb=!1m18!1m12!1m3!1d11593.446515120011!2d-2.9287631898554114!3d43.41127058305023!2m3!1f0!2f0!3f0!3m2!1i1024!2i768!4f13.1!3m3!1m2!1s0xd4e42d87f1d51c3%3A0xede41e76c869ad13!2s48620%20Saratxaga%2C%20Vizcaya!5e0!3m2!1ses!2ses!4v1717574313779!5m2!1ses!2ses\" width=\"1200\" height=\"400\" style=\"border:0;\" allowfullscreen=\"\" loading=\"lazy\" referrerpolicy=\"no-referrer-when-downgrade\"><\/iframe>\n","protected":false},"excerpt":{"rendered":"<p>Pour la d\u00e9couvrir, il suffit de se rendre dans le quartier de Saratxaga par un magnifique sentier qui surplombe l\u2019estuaire. Cette partie de la ville est \u00e9galement occup\u00e9e par d\u2019anciennes maisons rurales, connues sous le nom de baserris (ferme basque). L\u2019esp\u00e8ce pr\u00e9dominante de ces for\u00eats est le ch\u00eane vert (Quercus ilex). Il ne s\u2019agit l\u00e0 [&hellip;]<\/p>\n","protected":false},"author":1,"featured_media":6764,"parent":0,"menu_order":0,"comment_status":"closed","ping_status":"closed","template":"page-templates\/page-que-ver.php","meta":{"_genesis_hide_title":false,"_genesis_hide_breadcrumbs":false,"_genesis_hide_singular_image":false,"_genesis_hide_footer_widgets":false,"_genesis_custom_body_class":"","_genesis_custom_post_class":"","_genesis_layout":"","footnotes":""},"class_list":{"0":"post-6997","1":"page","2":"type-page","3":"status-publish","4":"has-post-thumbnail","6":"entry"},"acf":[],"yoast_head":"<!-- This site is optimized with the Yoast SEO plugin v27.4 - https:\/\/yoast.com\/product\/yoast-seo-wordpress\/ -->\n<title>SARATXAGA - Turismo Plentzia<\/title>\n<meta name=\"description\" content=\"Se trata del barrio de Plentzia m\u00e1s apartado de la \u201ccivilizaci\u00f3n\u201d, \u00a0pero a la vez m\u00e1s enfocado en ser una zona residencial.\" \/>\n<meta name=\"robots\" content=\"index, follow, max-snippet:-1, max-image-preview:large, max-video-preview:-1\" \/>\n<link rel=\"canonical\" href=\"https:\/\/visitplentzia.eus\/fr\/saratxaga\/\" \/>\n<meta property=\"og:locale\" content=\"fr_FR\" \/>\n<meta property=\"og:type\" content=\"article\" \/>\n<meta property=\"og:title\" content=\"SARATXAGA - Turismo Plentzia\" \/>\n<meta property=\"og:description\" content=\"Se trata del barrio de Plentzia m\u00e1s apartado de la \u201ccivilizaci\u00f3n\u201d, \u00a0pero a la vez m\u00e1s enfocado en ser una zona residencial.\" \/>\n<meta property=\"og:url\" content=\"https:\/\/visitplentzia.eus\/fr\/saratxaga\/\" \/>\n<meta property=\"og:site_name\" content=\"Turismo Plentzia\" \/>\n<meta property=\"article:modified_time\" content=\"2024-06-16T12:13:00+00:00\" \/>\n<meta property=\"og:image\" content=\"https:\/\/visitplentzia.eus\/wp-content\/uploads\/2024\/04\/WhatsApp-Image-2022-03-14-at-12.08.31.jpeg\" \/>\n\t<meta property=\"og:image:width\" content=\"2000\" \/>\n\t<meta property=\"og:image:height\" content=\"1500\" \/>\n\t<meta property=\"og:image:type\" content=\"image\/jpeg\" \/>\n<meta name=\"twitter:card\" content=\"summary_large_image\" \/>\n<meta name=\"twitter:label1\" content=\"Dur\u00e9e de lecture estim\u00e9e\" \/>\n\t<meta name=\"twitter:data1\" content=\"2 minutes\" \/>\n<script type=\"application\/ld+json\" class=\"yoast-schema-graph\">{\"@context\":\"https:\\\/\\\/schema.org\",\"@graph\":[{\"@type\":\"WebPage\",\"@id\":\"https:\\\/\\\/visitplentzia.eus\\\/fr\\\/saratxaga\\\/\",\"url\":\"https:\\\/\\\/visitplentzia.eus\\\/fr\\\/saratxaga\\\/\",\"name\":\"SARATXAGA - Turismo Plentzia\",\"isPartOf\":{\"@id\":\"https:\\\/\\\/visitplentzia.eus\\\/fr\\\/#website\"},\"primaryImageOfPage\":{\"@id\":\"https:\\\/\\\/visitplentzia.eus\\\/fr\\\/saratxaga\\\/#primaryimage\"},\"image\":{\"@id\":\"https:\\\/\\\/visitplentzia.eus\\\/fr\\\/saratxaga\\\/#primaryimage\"},\"thumbnailUrl\":\"https:\\\/\\\/visitplentzia.eus\\\/wp-content\\\/uploads\\\/2024\\\/04\\\/WhatsApp-Image-2022-03-14-at-12.08.31.jpeg\",\"datePublished\":\"2024-06-04T10:54:51+00:00\",\"dateModified\":\"2024-06-16T12:13:00+00:00\",\"description\":\"Se trata del barrio de Plentzia m\u00e1s apartado de la \u201ccivilizaci\u00f3n\u201d, \u00a0pero a la vez m\u00e1s enfocado en ser una zona residencial.\",\"breadcrumb\":{\"@id\":\"https:\\\/\\\/visitplentzia.eus\\\/fr\\\/saratxaga\\\/#breadcrumb\"},\"inLanguage\":\"fr-FR\",\"potentialAction\":[{\"@type\":\"ReadAction\",\"target\":[\"https:\\\/\\\/visitplentzia.eus\\\/fr\\\/saratxaga\\\/\"]}]},{\"@type\":\"ImageObject\",\"inLanguage\":\"fr-FR\",\"@id\":\"https:\\\/\\\/visitplentzia.eus\\\/fr\\\/saratxaga\\\/#primaryimage\",\"url\":\"https:\\\/\\\/visitplentzia.eus\\\/wp-content\\\/uploads\\\/2024\\\/04\\\/WhatsApp-Image-2022-03-14-at-12.08.31.jpeg\",\"contentUrl\":\"https:\\\/\\\/visitplentzia.eus\\\/wp-content\\\/uploads\\\/2024\\\/04\\\/WhatsApp-Image-2022-03-14-at-12.08.31.jpeg\",\"width\":2000,\"height\":1500},{\"@type\":\"BreadcrumbList\",\"@id\":\"https:\\\/\\\/visitplentzia.eus\\\/fr\\\/saratxaga\\\/#breadcrumb\",\"itemListElement\":[{\"@type\":\"ListItem\",\"position\":1,\"name\":\"Home\",\"item\":\"https:\\\/\\\/visitplentzia.eus\\\/fr\\\/\"},{\"@type\":\"ListItem\",\"position\":2,\"name\":\"SARATXAGA\"}]},{\"@type\":\"WebSite\",\"@id\":\"https:\\\/\\\/visitplentzia.eus\\\/fr\\\/#website\",\"url\":\"https:\\\/\\\/visitplentzia.eus\\\/fr\\\/\",\"name\":\"Turismo Plentzia\",\"description\":\"P\u00e1gina oficial de Turismo Plentzia. Visita su hermosa R\u00eda, su bella playa, su puerto y su pintoresco casco antiguo\",\"publisher\":{\"@id\":\"https:\\\/\\\/visitplentzia.eus\\\/fr\\\/#organization\"},\"alternateName\":\"Turismo Plentzia\",\"potentialAction\":[{\"@type\":\"SearchAction\",\"target\":{\"@type\":\"EntryPoint\",\"urlTemplate\":\"https:\\\/\\\/visitplentzia.eus\\\/fr\\\/?s={search_term_string}\"},\"query-input\":{\"@type\":\"PropertyValueSpecification\",\"valueRequired\":true,\"valueName\":\"search_term_string\"}}],\"inLanguage\":\"fr-FR\"},{\"@type\":\"Organization\",\"@id\":\"https:\\\/\\\/visitplentzia.eus\\\/fr\\\/#organization\",\"name\":\"Plentzia turismo\",\"url\":\"https:\\\/\\\/visitplentzia.eus\\\/fr\\\/\",\"logo\":{\"@type\":\"ImageObject\",\"inLanguage\":\"fr-FR\",\"@id\":\"https:\\\/\\\/visitplentzia.eus\\\/fr\\\/#\\\/schema\\\/logo\\\/image\\\/\",\"url\":\"https:\\\/\\\/visitplentzia.eus\\\/wp-content\\\/uploads\\\/2023\\\/04\\\/logo-plentzia.png\",\"contentUrl\":\"https:\\\/\\\/visitplentzia.eus\\\/wp-content\\\/uploads\\\/2023\\\/04\\\/logo-plentzia.png\",\"width\":130,\"height\":117,\"caption\":\"Plentzia turismo\"},\"image\":{\"@id\":\"https:\\\/\\\/visitplentzia.eus\\\/fr\\\/#\\\/schema\\\/logo\\\/image\\\/\"}}]}<\/script>\n<!-- \/ Yoast SEO plugin. -->","yoast_head_json":{"title":"SARATXAGA - Turismo Plentzia","description":"Se trata del barrio de Plentzia m\u00e1s apartado de la \u201ccivilizaci\u00f3n\u201d, \u00a0pero a la vez m\u00e1s enfocado en ser una zona residencial.","robots":{"index":"index","follow":"follow","max-snippet":"max-snippet:-1","max-image-preview":"max-image-preview:large","max-video-preview":"max-video-preview:-1"},"canonical":"https:\/\/visitplentzia.eus\/fr\/saratxaga\/","og_locale":"fr_FR","og_type":"article","og_title":"SARATXAGA - Turismo Plentzia","og_description":"Se trata del barrio de Plentzia m\u00e1s apartado de la \u201ccivilizaci\u00f3n\u201d, \u00a0pero a la vez m\u00e1s enfocado en ser una zona residencial.","og_url":"https:\/\/visitplentzia.eus\/fr\/saratxaga\/","og_site_name":"Turismo Plentzia","article_modified_time":"2024-06-16T12:13:00+00:00","og_image":[{"width":2000,"height":1500,"url":"https:\/\/visitplentzia.eus\/wp-content\/uploads\/2024\/04\/WhatsApp-Image-2022-03-14-at-12.08.31.jpeg","type":"image\/jpeg"}],"twitter_card":"summary_large_image","twitter_misc":{"Dur\u00e9e de lecture estim\u00e9e":"2 minutes"},"schema":{"@context":"https:\/\/schema.org","@graph":[{"@type":"WebPage","@id":"https:\/\/visitplentzia.eus\/fr\/saratxaga\/","url":"https:\/\/visitplentzia.eus\/fr\/saratxaga\/","name":"SARATXAGA - Turismo Plentzia","isPartOf":{"@id":"https:\/\/visitplentzia.eus\/fr\/#website"},"primaryImageOfPage":{"@id":"https:\/\/visitplentzia.eus\/fr\/saratxaga\/#primaryimage"},"image":{"@id":"https:\/\/visitplentzia.eus\/fr\/saratxaga\/#primaryimage"},"thumbnailUrl":"https:\/\/visitplentzia.eus\/wp-content\/uploads\/2024\/04\/WhatsApp-Image-2022-03-14-at-12.08.31.jpeg","datePublished":"2024-06-04T10:54:51+00:00","dateModified":"2024-06-16T12:13:00+00:00","description":"Se trata del barrio de Plentzia m\u00e1s apartado de la \u201ccivilizaci\u00f3n\u201d, \u00a0pero a la vez m\u00e1s enfocado en ser una zona residencial.","breadcrumb":{"@id":"https:\/\/visitplentzia.eus\/fr\/saratxaga\/#breadcrumb"},"inLanguage":"fr-FR","potentialAction":[{"@type":"ReadAction","target":["https:\/\/visitplentzia.eus\/fr\/saratxaga\/"]}]},{"@type":"ImageObject","inLanguage":"fr-FR","@id":"https:\/\/visitplentzia.eus\/fr\/saratxaga\/#primaryimage","url":"https:\/\/visitplentzia.eus\/wp-content\/uploads\/2024\/04\/WhatsApp-Image-2022-03-14-at-12.08.31.jpeg","contentUrl":"https:\/\/visitplentzia.eus\/wp-content\/uploads\/2024\/04\/WhatsApp-Image-2022-03-14-at-12.08.31.jpeg","width":2000,"height":1500},{"@type":"BreadcrumbList","@id":"https:\/\/visitplentzia.eus\/fr\/saratxaga\/#breadcrumb","itemListElement":[{"@type":"ListItem","position":1,"name":"Home","item":"https:\/\/visitplentzia.eus\/fr\/"},{"@type":"ListItem","position":2,"name":"SARATXAGA"}]},{"@type":"WebSite","@id":"https:\/\/visitplentzia.eus\/fr\/#website","url":"https:\/\/visitplentzia.eus\/fr\/","name":"Turismo Plentzia","description":"P\u00e1gina oficial de Turismo Plentzia. Visita su hermosa R\u00eda, su bella playa, su puerto y su pintoresco casco antiguo","publisher":{"@id":"https:\/\/visitplentzia.eus\/fr\/#organization"},"alternateName":"Turismo Plentzia","potentialAction":[{"@type":"SearchAction","target":{"@type":"EntryPoint","urlTemplate":"https:\/\/visitplentzia.eus\/fr\/?s={search_term_string}"},"query-input":{"@type":"PropertyValueSpecification","valueRequired":true,"valueName":"search_term_string"}}],"inLanguage":"fr-FR"},{"@type":"Organization","@id":"https:\/\/visitplentzia.eus\/fr\/#organization","name":"Plentzia turismo","url":"https:\/\/visitplentzia.eus\/fr\/","logo":{"@type":"ImageObject","inLanguage":"fr-FR","@id":"https:\/\/visitplentzia.eus\/fr\/#\/schema\/logo\/image\/","url":"https:\/\/visitplentzia.eus\/wp-content\/uploads\/2023\/04\/logo-plentzia.png","contentUrl":"https:\/\/visitplentzia.eus\/wp-content\/uploads\/2023\/04\/logo-plentzia.png","width":130,"height":117,"caption":"Plentzia turismo"},"image":{"@id":"https:\/\/visitplentzia.eus\/fr\/#\/schema\/logo\/image\/"}}]}},"featured_image_src":"https:\/\/visitplentzia.eus\/wp-content\/uploads\/2024\/04\/WhatsApp-Image-2022-03-14-at-12.08.31-600x400.jpeg","featured_image_src_square":"https:\/\/visitplentzia.eus\/wp-content\/uploads\/2024\/04\/WhatsApp-Image-2022-03-14-at-12.08.31-600x600.jpeg","publishpress_future_workflow_manual_trigger":{"enabledWorkflows":[]},"_links":{"self":[{"href":"https:\/\/visitplentzia.eus\/fr\/wp-json\/wp\/v2\/pages\/6997","targetHints":{"allow":["GET"]}}],"collection":[{"href":"https:\/\/visitplentzia.eus\/fr\/wp-json\/wp\/v2\/pages"}],"about":[{"href":"https:\/\/visitplentzia.eus\/fr\/wp-json\/wp\/v2\/types\/page"}],"author":[{"embeddable":true,"href":"https:\/\/visitplentzia.eus\/fr\/wp-json\/wp\/v2\/users\/1"}],"replies":[{"embeddable":true,"href":"https:\/\/visitplentzia.eus\/fr\/wp-json\/wp\/v2\/comments?post=6997"}],"version-history":[{"count":13,"href":"https:\/\/visitplentzia.eus\/fr\/wp-json\/wp\/v2\/pages\/6997\/revisions"}],"predecessor-version":[{"id":7457,"href":"https:\/\/visitplentzia.eus\/fr\/wp-json\/wp\/v2\/pages\/6997\/revisions\/7457"}],"wp:featuredmedia":[{"embeddable":true,"href":"https:\/\/visitplentzia.eus\/fr\/wp-json\/wp\/v2\/media\/6764"}],"wp:attachment":[{"href":"https:\/\/visitplentzia.eus\/fr\/wp-json\/wp\/v2\/media?parent=6997"}],"curies":[{"name":"wp","href":"https:\/\/api.w.org\/{rel}","templated":true}]}}